{"id":71,"date":"2021-09-07T10:05:55","date_gmt":"2021-09-07T07:05:55","guid":{"rendered":"http:\/\/75.usm.md\/?page_id=71"},"modified":"2024-02-29T16:09:38","modified_gmt":"2024-02-29T13:09:38","slug":"doctori-hanoris-causa","status":"publish","type":"page","link":"https:\/\/75.usm.md\/?page_id=71","title":{"rendered":"Doctori Honoris Causa"},"content":{"rendered":"<p><strong>Universitatea de Stat din Moldova a conferit titlul de Doctor Honoris Causa urm\u0103toarelor personalit\u0103\u021bi marcante ale \u0219tiin\u021bei contemporane:<\/strong><\/p>\n<p>&nbsp;<\/p>\n<p>&nbsp;<\/p>\n<table>\n<tbody>\n<tr>\n<td width=\"150\"><img loading=\"lazy\" decoding=\"async\" class=\"alignnone size-thumbnail wp-image-446\" src=\"https:\/\/75.usm.md\/wp-content\/uploads\/2021\/09\/1-2-150x150.jpg\" alt=\"\" width=\"150\" height=\"150\" srcset=\"https:\/\/75.usm.md\/wp-content\/uploads\/2021\/09\/1-2-150x150.jpg 150w, https:\/\/75.usm.md\/wp-content\/uploads\/2021\/09\/1-2-60x60.jpg 60w, https:\/\/75.usm.md\/wp-content\/uploads\/2021\/09\/1-2.jpg 220w\" sizes=\"(max-width: 150px) 100vw, 150px\" \/><\/td>\n<td width=\"584\"><strong>Eugen Co\u0219eriu,<\/strong> profesor universitar la Universitatea din Tribingen, Rom\u00e2nia.<\/p>\n<p>Data acord\u0103rii: 14 noiembrie 1993,<\/p>\n<p>la propunerea: Facult\u0103\u021bii de Litere.<\/td>\n<\/tr>\n<tr>\n<td width=\"150\"><img loading=\"lazy\" decoding=\"async\" class=\"alignnone size-thumbnail wp-image-79\" src=\"https:\/\/75.usm.md\/wp-content\/uploads\/2021\/09\/2.-Ion-Druta-150x150.jpg\" alt=\"\" width=\"150\" height=\"150\" srcset=\"https:\/\/75.usm.md\/wp-content\/uploads\/2021\/09\/2.-Ion-Druta-150x150.jpg 150w, https:\/\/75.usm.md\/wp-content\/uploads\/2021\/09\/2.-Ion-Druta-300x300.jpg 300w\" sizes=\"(max-width: 150px) 100vw, 150px\" \/><\/td>\n<td width=\"584\"><strong>Ion Dru\u0163\u0103, <\/strong>scriitor, Republica Moldova.<\/p>\n<p>Data acord\u0103rii: 3 septembrie 1994,<\/p>\n<p>la propunerea: Facult\u0103\u021bii de Litere.<\/td>\n<\/tr>\n<tr>\n<td width=\"54\"><img loading=\"lazy\" decoding=\"async\" class=\"alignnone size-thumbnail wp-image-81\" src=\"https:\/\/75.usm.md\/wp-content\/uploads\/2021\/09\/3.-Oliviu-GHERMAN-150x150.jpg\" alt=\"\" width=\"150\" height=\"150\" \/><\/td>\n<td width=\"584\"><strong>Oliviu Gherman,<\/strong> profesor universitar, pre\u015fedintele Senatului, Rom\u00e2nia.<\/p>\n<p>Data acord\u0103rii: 4 octombrie 1994.<\/td>\n<\/tr>\n<tr>\n<td width=\"54\"><img loading=\"lazy\" decoding=\"async\" class=\"alignnone size-thumbnail wp-image-448\" src=\"https:\/\/75.usm.md\/wp-content\/uploads\/2021\/09\/2-2-150x150.jpg\" alt=\"\" width=\"150\" height=\"150\" srcset=\"https:\/\/75.usm.md\/wp-content\/uploads\/2021\/09\/2-2-150x150.jpg 150w, https:\/\/75.usm.md\/wp-content\/uploads\/2021\/09\/2-2-300x300.jpg 300w, https:\/\/75.usm.md\/wp-content\/uploads\/2021\/09\/2-2-630x630.jpg 630w, https:\/\/75.usm.md\/wp-content\/uploads\/2021\/09\/2-2-60x60.jpg 60w, https:\/\/75.usm.md\/wp-content\/uploads\/2021\/09\/2-2.jpg 658w\" sizes=\"(max-width: 150px) 100vw, 150px\" \/><\/td>\n<td width=\"584\">Academician <strong>Nicolae Corl\u0103teanu, <\/strong>profesor universitar, doctor habilitat \u00een filologie, Republica Moldova.<\/p>\n<p>Data acord\u0103rii: 2 noiembrie 1996,<\/p>\n<p>la propunerea: Facult\u0103\u021bii de Litere.<\/td>\n<\/tr>\n<tr>\n<td width=\"54\"><img loading=\"lazy\" decoding=\"async\" class=\"alignnone size-medium wp-image-1606\" src=\"https:\/\/75.usm.md\/wp-content\/uploads\/2024\/02\/no-217x300.png\" alt=\"\" width=\"217\" height=\"300\" srcset=\"https:\/\/75.usm.md\/wp-content\/uploads\/2024\/02\/no-217x300.png 217w, https:\/\/75.usm.md\/wp-content\/uploads\/2024\/02\/no-43x60.png 43w, https:\/\/75.usm.md\/wp-content\/uploads\/2024\/02\/no.png 300w\" sizes=\"(max-width: 217px) 100vw, 217px\" \/><\/td>\n<td width=\"584\"><strong>Teofil Devreize<\/strong><strong>, <\/strong>profesor universitar, Belgia.<\/p>\n<p>Data acord\u0103rii: 26 februarie 1996,<\/p>\n<p>la propunerea: Facult\u0103\u021bii de Fizic\u0103 \u015fi Inginerie.<\/td>\n<\/tr>\n<tr>\n<td width=\"54\"><img loading=\"lazy\" decoding=\"async\" class=\"alignnone size-thumbnail wp-image-84\" src=\"https:\/\/75.usm.md\/wp-content\/uploads\/2021\/09\/6.-Askar-AKAEV-1-150x150.jpg\" alt=\"\" width=\"150\" height=\"150\" \/><\/td>\n<td width=\"584\"><strong>Academician Askar Akaev, <\/strong>pre\u0219edinte<strong>\u00a0\u00a0<\/strong>K\u00e2rg\u00e2zstan.<\/p>\n<p>Data acord\u0103rii: 1996.<\/td>\n<\/tr>\n<tr>\n<td width=\"54\"><img loading=\"lazy\" decoding=\"async\" class=\"alignnone size-thumbnail wp-image-85\" src=\"https:\/\/75.usm.md\/wp-content\/uploads\/2021\/09\/7.-Tudor-Radu-Popescu-150x150.jpg\" alt=\"\" width=\"150\" height=\"150\" \/><\/td>\n<td width=\"584\"><strong>Tudor Popescu,<\/strong>\u00a0profesor universitar<\/p>\n<p>Data acord\u0103rii: 26 iunie 1996,<\/p>\n<p>la propunerea: Facult\u0103\u021bii de Drept.<\/td>\n<\/tr>\n<tr>\n<td width=\"54\"><img loading=\"lazy\" decoding=\"async\" class=\"alignnone size-thumbnail wp-image-586\" src=\"https:\/\/75.usm.md\/wp-content\/uploads\/2021\/09\/Otto-150x150.png\" alt=\"\" width=\"150\" height=\"150\" srcset=\"https:\/\/75.usm.md\/wp-content\/uploads\/2021\/09\/Otto-150x150.png 150w, https:\/\/75.usm.md\/wp-content\/uploads\/2021\/09\/Otto-300x300.png 300w\" sizes=\"(max-width: 150px) 100vw, 150px\" \/><\/td>\n<td width=\"584\"><strong>Otto F. Joklik, <\/strong>profesor universitar, Austria.<\/p>\n<p>Data acord\u0103rii: 30 iunie 1997,<\/p>\n<p>la propunerea: Facult\u0103\u021bii de Chimie \u0219i Tehnologie Chimic\u0103.<\/td>\n<\/tr>\n<tr>\n<td width=\"54\"><img loading=\"lazy\" decoding=\"async\" class=\"size-thumbnail wp-image-449\" src=\"https:\/\/75.usm.md\/wp-content\/uploads\/2021\/09\/3-2-150x150.jpg\" alt=\"\" width=\"150\" height=\"150\" srcset=\"https:\/\/75.usm.md\/wp-content\/uploads\/2021\/09\/3-2-150x150.jpg 150w, https:\/\/75.usm.md\/wp-content\/uploads\/2021\/09\/3-2-300x300.jpg 300w, https:\/\/75.usm.md\/wp-content\/uploads\/2021\/09\/3-2-60x60.jpg 60w, https:\/\/75.usm.md\/wp-content\/uploads\/2021\/09\/3-2.jpg 336w\" sizes=\"(max-width: 150px) 100vw, 150px\" \/><\/td>\n<td width=\"584\"><strong>Jack Chirac,<\/strong> pre\u0219edinte al Fran\u021bei.<\/p>\n<p>Data acord\u0103rii: 28 august 1998,<\/p>\n<p>la propunerea: Facult\u0103\u021bii de Rela\u021bii Interna\u021bionale, \u0218tiin\u021be Politice \u0219i Administrative.<\/td>\n<\/tr>\n<tr>\n<td width=\"54\"><img loading=\"lazy\" decoding=\"async\" class=\"alignnone size-thumbnail wp-image-87\" src=\"https:\/\/75.usm.md\/wp-content\/uploads\/2021\/09\/10.-KAmil-Idris-150x150.jpg\" alt=\"\" width=\"150\" height=\"150\" srcset=\"https:\/\/75.usm.md\/wp-content\/uploads\/2021\/09\/10.-KAmil-Idris-150x150.jpg 150w, https:\/\/75.usm.md\/wp-content\/uploads\/2021\/09\/10.-KAmil-Idris-60x60.jpg 60w, https:\/\/75.usm.md\/wp-content\/uploads\/2021\/09\/10.-KAmil-Idris.jpg 250w\" sizes=\"(max-width: 150px) 100vw, 150px\" \/><\/td>\n<td width=\"584\"><strong>Kamil Idris,<\/strong> director general al Organiza\u0163iei Mondiale pentru proprietatea Intelectual\u0103.<\/p>\n<p>Data acord\u0103rii: 1 decembrie 1998,<\/p>\n<p>la propunerea: Facult\u0103\u021bii de Drept.<\/td>\n<\/tr>\n<tr>\n<td width=\"54\"><img loading=\"lazy\" decoding=\"async\" class=\"alignnone size-thumbnail wp-image-587\" src=\"https:\/\/75.usm.md\/wp-content\/uploads\/2021\/09\/Gomes-150x150.jpg\" alt=\"\" width=\"150\" height=\"150\" \/><\/td>\n<td width=\"584\"><strong>Wayne Reginald Gomes,<\/strong> vicepre\u015fedinte al Universit\u0103\u0163ii din California.<\/p>\n<p>Data acord\u0103rii: 25 aprilie 2000,<\/p>\n<p>la propunerea: Facult\u0103\u021bii de Limbi \u015fi Literaturi Str\u0103ine.<\/td>\n<\/tr>\n<tr>\n<td width=\"54\"><img loading=\"lazy\" decoding=\"async\" class=\"alignnone size-thumbnail wp-image-450\" src=\"https:\/\/75.usm.md\/wp-content\/uploads\/2021\/09\/4-1-150x150.jpg\" alt=\"\" width=\"150\" height=\"150\" srcset=\"https:\/\/75.usm.md\/wp-content\/uploads\/2021\/09\/4-1-150x150.jpg 150w, https:\/\/75.usm.md\/wp-content\/uploads\/2021\/09\/4-1-60x60.jpg 60w, https:\/\/75.usm.md\/wp-content\/uploads\/2021\/09\/4-1.jpg 200w\" sizes=\"(max-width: 150px) 100vw, 150px\" \/><\/td>\n<td width=\"584\"><strong>Arthur Bodson,<\/strong> Pre\u015fedintele Consiliului Administrativ al Agen\u0163iei Universitare Francofone.<\/p>\n<p>Data acord\u0103rii: 25 aprilie 2000,<\/p>\n<p>la propunerea: Facult\u0103\u021bii de Limbi \u015fi Literaturi Str\u0103ine.<\/td>\n<\/tr>\n<tr>\n<td width=\"54\"><img loading=\"lazy\" decoding=\"async\" class=\"alignnone size-thumbnail wp-image-91\" src=\"https:\/\/75.usm.md\/wp-content\/uploads\/2021\/09\/13.-Luzius-WILDHABER-150x150.jpg\" alt=\"\" width=\"150\" height=\"150\" srcset=\"https:\/\/75.usm.md\/wp-content\/uploads\/2021\/09\/13.-Luzius-WILDHABER-150x150.jpg 150w, https:\/\/75.usm.md\/wp-content\/uploads\/2021\/09\/13.-Luzius-WILDHABER-300x300.jpg 300w, https:\/\/75.usm.md\/wp-content\/uploads\/2021\/09\/13.-Luzius-WILDHABER-60x60.jpg 60w, https:\/\/75.usm.md\/wp-content\/uploads\/2021\/09\/13.-Luzius-WILDHABER.jpg 400w\" sizes=\"(max-width: 150px) 100vw, 150px\" \/><\/td>\n<td width=\"584\"><strong>Luzius Wildhaber, <\/strong>Pre\u015fedinte al Cur\u0163ii Europene pentru Drepturile Omului<strong>. <\/strong><\/p>\n<p>Data acord\u0103rii: 30 mai 2000,<\/p>\n<p>la propunerea: Facult\u0103\u021bii de Drept.<\/td>\n<\/tr>\n<tr>\n<td width=\"54\"><img loading=\"lazy\" decoding=\"async\" class=\"alignnone size-thumbnail wp-image-451\" src=\"https:\/\/75.usm.md\/wp-content\/uploads\/2021\/09\/5-1-150x150.jpg\" alt=\"\" width=\"150\" height=\"150\" srcset=\"https:\/\/75.usm.md\/wp-content\/uploads\/2021\/09\/5-1-150x150.jpg 150w, https:\/\/75.usm.md\/wp-content\/uploads\/2021\/09\/5-1-60x60.jpg 60w, https:\/\/75.usm.md\/wp-content\/uploads\/2021\/09\/5-1.jpg 183w\" sizes=\"(max-width: 150px) 100vw, 150px\" \/><\/td>\n<td width=\"584\"><strong>Rolf Knieper<\/strong>, profesor al Universit\u0103\u021bii din Bremen, Germania.<\/p>\n<p>Data acord\u0103rii: 25 iunie 2002,<\/p>\n<p>la propunerea: Facult\u0103\u021bii de Drept.<\/td>\n<\/tr>\n<tr>\n<td width=\"54\"><img loading=\"lazy\" decoding=\"async\" class=\"alignnone size-thumbnail wp-image-454\" src=\"https:\/\/75.usm.md\/wp-content\/uploads\/2021\/09\/6-150x150.jpg\" alt=\"\" width=\"150\" height=\"150\" srcset=\"https:\/\/75.usm.md\/wp-content\/uploads\/2021\/09\/6-150x150.jpg 150w, https:\/\/75.usm.md\/wp-content\/uploads\/2021\/09\/6-300x300.jpg 300w, https:\/\/75.usm.md\/wp-content\/uploads\/2021\/09\/6-768x768.jpg 768w, https:\/\/75.usm.md\/wp-content\/uploads\/2021\/09\/6-630x630.jpg 630w, https:\/\/75.usm.md\/wp-content\/uploads\/2021\/09\/6-60x60.jpg 60w, https:\/\/75.usm.md\/wp-content\/uploads\/2021\/09\/6.jpg 800w\" sizes=\"(max-width: 150px) 100vw, 150px\" \/><\/td>\n<td width=\"584\"><strong>Pamela Hyde Smith, <\/strong>E.S. Ambasador al SUA \u00een Republica Moldova.<\/p>\n<p>Data acord\u0103rii: 25 iunie 2002,<\/p>\n<p>la propunerea: Facult\u0103\u021bii de Rela\u021bii Interna\u021bionale, \u0218tiin\u021be Politice \u0219i Administrative.<\/td>\n<\/tr>\n<tr>\n<td width=\"54\"><img loading=\"lazy\" decoding=\"async\" class=\"alignnone size-thumbnail wp-image-94\" src=\"https:\/\/75.usm.md\/wp-content\/uploads\/2021\/09\/16.-Israel-GOHBERG-150x150.jpg\" alt=\"\" width=\"150\" height=\"150\" srcset=\"https:\/\/75.usm.md\/wp-content\/uploads\/2021\/09\/16.-Israel-GOHBERG-150x150.jpg 150w, https:\/\/75.usm.md\/wp-content\/uploads\/2021\/09\/16.-Israel-GOHBERG-300x300.jpg 300w\" sizes=\"(max-width: 150px) 100vw, 150px\" \/><\/td>\n<td width=\"584\"><strong>Israel <\/strong><strong>Gohberg<\/strong>, profesor al Universit\u0103\u0163ii Tel-Aviv, Israel, membru corespondent al A\u015eM.<\/p>\n<p>Data acord\u0103rii: 29 aprilie 2003,<\/p>\n<p>la propunerea: Facult\u0103\u021bii de Matematic\u0103 \u015fi Informatic\u0103.<\/td>\n<\/tr>\n<tr>\n<td width=\"54\"><img loading=\"lazy\" decoding=\"async\" class=\"alignnone size-thumbnail wp-image-456\" src=\"https:\/\/75.usm.md\/wp-content\/uploads\/2021\/09\/Eiliv-Steinnes-150x150.jpg\" alt=\"\" width=\"150\" height=\"150\" srcset=\"https:\/\/75.usm.md\/wp-content\/uploads\/2021\/09\/Eiliv-Steinnes-150x150.jpg 150w, https:\/\/75.usm.md\/wp-content\/uploads\/2021\/09\/Eiliv-Steinnes-300x300.jpg 300w, https:\/\/75.usm.md\/wp-content\/uploads\/2021\/09\/Eiliv-Steinnes-60x60.jpg 60w, https:\/\/75.usm.md\/wp-content\/uploads\/2021\/09\/Eiliv-Steinnes.jpg 512w\" sizes=\"(max-width: 150px) 100vw, 150px\" \/><\/td>\n<td width=\"584\"><strong>Eiliv Steinnes,<\/strong> profesor al Universit\u0103\u021bii de \u015etiin\u0163e \u015fi Tehnologii din Trondheim, Norvegia.<\/p>\n<p>Data acord\u0103rii: 30 septembrie 2003,<\/p>\n<p>la propunerea: Facult\u0103\u021bii de Chimie \u015fi Tehnologie Chimic\u0103.<\/td>\n<\/tr>\n<tr>\n<td width=\"54\"><img loading=\"lazy\" decoding=\"async\" class=\"alignnone size-thumbnail wp-image-96\" src=\"https:\/\/75.usm.md\/wp-content\/uploads\/2021\/09\/18.-Abdou-DIOUF-150x150.jpg\" alt=\"\" width=\"150\" height=\"150\" \/><\/td>\n<td width=\"584\"><strong>Abdou Diouf, <\/strong>\u2013 Secretar General al Organiza\u0163iei Interna\u0163ionale a Francofoniei, Fran\u021ba.<\/p>\n<p>Data acord\u0103rii: 30 septembrie 2003,<\/p>\n<p>la propunerea: Facult\u0103\u021bii de Limbi \u015fi Literaturi Str\u0103ine.<\/td>\n<\/tr>\n<tr>\n<td width=\"54\"><img loading=\"lazy\" decoding=\"async\" class=\"alignnone size-thumbnail wp-image-457\" src=\"https:\/\/75.usm.md\/wp-content\/uploads\/2021\/09\/Simeon-150x150.png\" alt=\"\" width=\"150\" height=\"150\" srcset=\"https:\/\/75.usm.md\/wp-content\/uploads\/2021\/09\/Simeon-150x150.png 150w, https:\/\/75.usm.md\/wp-content\/uploads\/2021\/09\/Simeon-300x300.png 300w\" sizes=\"(max-width: 150px) 100vw, 150px\" \/><\/td>\n<td width=\"584\"><strong>Eugen Simion<\/strong>, academician, pre\u015fedinte al Academiei Rom\u00e2ne.<\/p>\n<p>Data acord\u0103rii: 31 august 2005,<\/p>\n<p>la propunerea: Facult\u0103\u021bii de Litere.<\/td>\n<\/tr>\n<tr>\n<td width=\"54\"><img loading=\"lazy\" decoding=\"async\" class=\"alignnone size-thumbnail wp-image-98\" src=\"https:\/\/75.usm.md\/wp-content\/uploads\/2021\/09\/20.-Thierry-de-MONTBRIAL-150x150.png\" alt=\"\" width=\"150\" height=\"150\" srcset=\"https:\/\/75.usm.md\/wp-content\/uploads\/2021\/09\/20.-Thierry-de-MONTBRIAL-150x150.png 150w, https:\/\/75.usm.md\/wp-content\/uploads\/2021\/09\/20.-Thierry-de-MONTBRIAL-630x630.png 630w, https:\/\/75.usm.md\/wp-content\/uploads\/2021\/09\/20.-Thierry-de-MONTBRIAL-300x300.png 300w\" sizes=\"(max-width: 150px) 100vw, 150px\" \/><\/td>\n<td width=\"584\"><strong>Thierry de Montbrial<\/strong>, fondator al Institutului Francez de Rela\u0163ii Interna\u0163ionale, pre\u015fedintele Funda\u0163iei pentru Cercet\u0103ri Strategice, Fran\u021ba.<\/p>\n<p>Data acord\u0103rii: 31 august 2005,<\/p>\n<p>la propunerea: Facult\u0103\u021bii de Rela\u021bii Interna\u021bionale, \u0218tiin\u021be Politice \u0219i Administrative.<\/td>\n<\/tr>\n<tr>\n<td width=\"54\"><img loading=\"lazy\" decoding=\"async\" class=\"size-thumbnail wp-image-589\" src=\"https:\/\/75.usm.md\/wp-content\/uploads\/2021\/09\/Lord_Watson-150x150.jpg\" alt=\"\" width=\"150\" height=\"150\" srcset=\"https:\/\/75.usm.md\/wp-content\/uploads\/2021\/09\/Lord_Watson-150x150.jpg 150w, https:\/\/75.usm.md\/wp-content\/uploads\/2021\/09\/Lord_Watson-300x300.jpg 300w, https:\/\/75.usm.md\/wp-content\/uploads\/2021\/09\/Lord_Watson-1024x1024.jpg 1024w, https:\/\/75.usm.md\/wp-content\/uploads\/2021\/09\/Lord_Watson-768x768.jpg 768w, https:\/\/75.usm.md\/wp-content\/uploads\/2021\/09\/Lord_Watson-630x630.jpg 630w, https:\/\/75.usm.md\/wp-content\/uploads\/2021\/09\/Lord_Watson-60x60.jpg 60w, https:\/\/75.usm.md\/wp-content\/uploads\/2021\/09\/Lord_Watson.jpg 1280w\" sizes=\"(max-width: 150px) 100vw, 150px\" \/><\/td>\n<td width=\"584\"><strong>Allon Watson<\/strong>,<\/p>\n<p>Lord de Richmond CBE, Pre\u015fedinte Emerit al Consiliului Interna\u0163ional al Uniunii Vorbitorilor de Limb\u0103 Englez\u0103, Anglia.<\/p>\n<p>Data acord\u0103rii: 29 mai 2007,<\/p>\n<p>la propunerea: Facult\u0103\u021bii de Limbi \u015fi Literaturi Str\u0103ine.<\/td>\n<\/tr>\n<tr>\n<td width=\"54\"><img loading=\"lazy\" decoding=\"async\" class=\"alignnone size-thumbnail wp-image-459\" src=\"https:\/\/75.usm.md\/wp-content\/uploads\/2021\/09\/22.-Amedeo-CARROCCI-1-150x150.png\" alt=\"\" width=\"150\" height=\"150\" srcset=\"https:\/\/75.usm.md\/wp-content\/uploads\/2021\/09\/22.-Amedeo-CARROCCI-1-150x150.png 150w, https:\/\/75.usm.md\/wp-content\/uploads\/2021\/09\/22.-Amedeo-CARROCCI-1-60x60.png 60w, https:\/\/75.usm.md\/wp-content\/uploads\/2021\/09\/22.-Amedeo-CARROCCI-1.png 250w\" sizes=\"(max-width: 150px) 100vw, 150px\" \/><\/td>\n<td width=\"584\"><strong>Amedeo Carrocci<\/strong>, profesor universitar, avocat, Italia.<\/p>\n<p>Data acord\u0103rii: 29 mai 2007,<\/p>\n<p>la propunerea: Facult\u0103\u021bii de Drept.<\/td>\n<\/tr>\n<tr>\n<td width=\"54\"><img loading=\"lazy\" decoding=\"async\" class=\"alignnone size-thumbnail wp-image-460\" src=\"https:\/\/75.usm.md\/wp-content\/uploads\/2021\/09\/23.ivan_gasparovic-1-150x150.jpg\" alt=\"\" width=\"150\" height=\"150\" srcset=\"https:\/\/75.usm.md\/wp-content\/uploads\/2021\/09\/23.ivan_gasparovic-1-150x150.jpg 150w, https:\/\/75.usm.md\/wp-content\/uploads\/2021\/09\/23.ivan_gasparovic-1-300x300.jpg 300w, https:\/\/75.usm.md\/wp-content\/uploads\/2021\/09\/23.ivan_gasparovic-1-60x60.jpg 60w, https:\/\/75.usm.md\/wp-content\/uploads\/2021\/09\/23.ivan_gasparovic-1.jpg 368w\" sizes=\"(max-width: 150px) 100vw, 150px\" \/><\/td>\n<td width=\"584\"><strong>Ivan Ga\u0161parovi\u010d, <\/strong>profesor universitar, Pre\u015fedintele Republicii Slovenia.<\/p>\n<p>Data acord\u0103rii: 29 mai 2007,<\/p>\n<p>la propunerea: Facult\u0103\u021bii de Rela\u021bii Interna\u021bionale, \u0218tiin\u021be Politice \u0219i Administrative.<\/td>\n<\/tr>\n<tr>\n<td width=\"54\"><img loading=\"lazy\" decoding=\"async\" class=\"alignnone size-thumbnail wp-image-462\" src=\"https:\/\/75.usm.md\/wp-content\/uploads\/2021\/09\/dumitru-irimia-3-150x150.jpg\" alt=\"\" width=\"150\" height=\"150\" srcset=\"https:\/\/75.usm.md\/wp-content\/uploads\/2021\/09\/dumitru-irimia-3-150x150.jpg 150w, https:\/\/75.usm.md\/wp-content\/uploads\/2021\/09\/dumitru-irimia-3-300x300.jpg 300w, https:\/\/75.usm.md\/wp-content\/uploads\/2021\/09\/dumitru-irimia-3-60x60.jpg 60w, https:\/\/75.usm.md\/wp-content\/uploads\/2021\/09\/dumitru-irimia-3.jpg 320w\" sizes=\"(max-width: 150px) 100vw, 150px\" \/><\/td>\n<td width=\"584\"><strong>Dumitru Irimia<\/strong>, doctor \u00een filologie, profesor universitar al Universit\u0103\u0163ii \u201eAl. I. Cuza\u201d din Ia\u015fi, Rom\u00e2nia, membru al Uniunii Scriitorilor din Rom\u00e2nia, vicepre\u015fedinte al Societ\u0103\u0163ii de \u015etiin\u0163e Filologice din Rom\u00e2nia.<\/p>\n<p>Data acord\u0103rii: 29 unie 2007,<\/p>\n<p>la propunerea: Facult\u0103\u021bii de Litere.<\/td>\n<\/tr>\n<tr>\n<td width=\"54\"><img loading=\"lazy\" decoding=\"async\" class=\"alignnone size-thumbnail wp-image-464\" src=\"https:\/\/75.usm.md\/wp-content\/uploads\/2021\/09\/25.-Sanda-Maria-ARDELEANU-1-150x150.jpg\" alt=\"\" width=\"150\" height=\"150\" srcset=\"https:\/\/75.usm.md\/wp-content\/uploads\/2021\/09\/25.-Sanda-Maria-ARDELEANU-1-150x150.jpg 150w, https:\/\/75.usm.md\/wp-content\/uploads\/2021\/09\/25.-Sanda-Maria-ARDELEANU-1-300x300.jpg 300w, https:\/\/75.usm.md\/wp-content\/uploads\/2021\/09\/25.-Sanda-Maria-ARDELEANU-1-60x60.jpg 60w, https:\/\/75.usm.md\/wp-content\/uploads\/2021\/09\/25.-Sanda-Maria-ARDELEANU-1.jpg 385w\" sizes=\"(max-width: 150px) 100vw, 150px\" \/><\/td>\n<td width=\"584\"><strong>Sanda-Maria Ardeleanu, <\/strong>doctor \u00een filologie, profesor universitar, Prorector \u00een rela\u0163ii interna\u0163ionale al Universit\u0103\u0163ii \u201c\u015etefan cel Mare\u201d din Suceava, Rom\u00e2nia,<\/p>\n<p>Data acord\u0103rii: 25 martie 2008,<\/p>\n<p>la propunerea: Facult\u0103\u021bii de Limbi \u015fi Literaturi Str\u0103ine.<\/td>\n<\/tr>\n<tr>\n<td width=\"54\"><img loading=\"lazy\" decoding=\"async\" class=\"alignnone size-thumbnail wp-image-466\" src=\"https:\/\/75.usm.md\/wp-content\/uploads\/2021\/09\/adams_freddy_small-150x150.jpg\" alt=\"\" width=\"150\" height=\"150\" srcset=\"https:\/\/75.usm.md\/wp-content\/uploads\/2021\/09\/adams_freddy_small-150x150.jpg 150w, https:\/\/75.usm.md\/wp-content\/uploads\/2021\/09\/adams_freddy_small-300x300.jpg 300w, https:\/\/75.usm.md\/wp-content\/uploads\/2021\/09\/adams_freddy_small-60x60.jpg 60w, https:\/\/75.usm.md\/wp-content\/uploads\/2021\/09\/adams_freddy_small.jpg 450w\" sizes=\"(max-width: 150px) 100vw, 150px\" \/><\/td>\n<td width=\"584\"><strong>Freddy Adams<\/strong>, profesor al Universit\u0103\u0163ii din Antwerpen, Belgia.<\/p>\n<p>Data acord\u0103rii: 1 iule 2008,<\/p>\n<p>la propunerea: Facult\u0103\u021bii de Chimie \u0219i Tehnologie Chimic\u0103.<\/td>\n<\/tr>\n<tr>\n<td width=\"54\"><img loading=\"lazy\" decoding=\"async\" class=\"alignnone size-thumbnail wp-image-468\" src=\"https:\/\/75.usm.md\/wp-content\/uploads\/2021\/09\/27.-Robert_BADINTER-1-150x150.jpg\" alt=\"\" width=\"150\" height=\"150\" srcset=\"https:\/\/75.usm.md\/wp-content\/uploads\/2021\/09\/27.-Robert_BADINTER-1-150x150.jpg 150w, https:\/\/75.usm.md\/wp-content\/uploads\/2021\/09\/27.-Robert_BADINTER-1-300x300.jpg 300w, https:\/\/75.usm.md\/wp-content\/uploads\/2021\/09\/27.-Robert_BADINTER-1-60x60.jpg 60w, https:\/\/75.usm.md\/wp-content\/uploads\/2021\/09\/27.-Robert_BADINTER-1.jpg 400w\" sizes=\"(max-width: 150px) 100vw, 150px\" \/><\/td>\n<td width=\"584\"><strong>Robert Badinter<\/strong>, ex-ministru al justi\u0163iei, senator \u00een Parlamentul Republicii Franceze.<\/p>\n<p>Data acord\u0103rii: 16 aprilie2010,<\/p>\n<p>la propunerea: Facult\u0103\u021bii de Rela\u021bii Interna\u021bionale, \u0218tiin\u021be Politice \u0219i Administrative.<\/td>\n<\/tr>\n<tr>\n<td width=\"54\"><img loading=\"lazy\" decoding=\"async\" class=\"alignnone size-thumbnail wp-image-470\" src=\"https:\/\/75.usm.md\/wp-content\/uploads\/2021\/09\/253-1551861789-150x150.jpg\" alt=\"\" width=\"150\" height=\"150\" srcset=\"https:\/\/75.usm.md\/wp-content\/uploads\/2021\/09\/253-1551861789-150x150.jpg 150w, https:\/\/75.usm.md\/wp-content\/uploads\/2021\/09\/253-1551861789-60x60.jpg 60w, https:\/\/75.usm.md\/wp-content\/uploads\/2021\/09\/253-1551861789.jpg 168w\" sizes=\"(max-width: 150px) 100vw, 150px\" \/><\/td>\n<td width=\"584\"><strong>Viorel Barbu<\/strong>, academician al Academiei Rom\u00e2ne, profesor universitar la Universitatea \u201eAlexandru Ioan Cuza \u201d din Ia\u015fi.<\/p>\n<p>Data acord\u0103rii: 31 mai 2011,<\/p>\n<p>la propunerea: Facult\u0103\u021bii de Matematic\u0103 \u015fi Informatic\u0103.<\/td>\n<\/tr>\n<tr>\n<td width=\"54\"><img loading=\"lazy\" decoding=\"async\" class=\"alignnone size-thumbnail wp-image-106\" src=\"https:\/\/75.usm.md\/wp-content\/uploads\/2021\/09\/29.-Viktor-SADOVNICII-150x150.jpg\" alt=\"\" width=\"150\" height=\"150\" srcset=\"https:\/\/75.usm.md\/wp-content\/uploads\/2021\/09\/29.-Viktor-SADOVNICII-150x150.jpg 150w, https:\/\/75.usm.md\/wp-content\/uploads\/2021\/09\/29.-Viktor-SADOVNICII-630x630.jpg 630w, https:\/\/75.usm.md\/wp-content\/uploads\/2021\/09\/29.-Viktor-SADOVNICII-300x300.jpg 300w\" sizes=\"(max-width: 150px) 100vw, 150px\" \/><\/td>\n<td width=\"584\"><strong>Viktor Sadovnicii<\/strong>, academician al Academiei din Federa\u0163ia Rus\u0103, rector al Universit\u0103\u0163ii \u201eM.V. Lomonosov\u201d din Moscova.<\/p>\n<p>Data acord\u0103rii: 31 mai 2011,<\/p>\n<p>la propunerea: Facult\u0103\u021bii de Matematic\u0103 \u015fi Informatic\u0103.<\/td>\n<\/tr>\n<tr>\n<td width=\"54\"><img loading=\"lazy\" decoding=\"async\" class=\"alignnone size-thumbnail wp-image-584\" src=\"https:\/\/75.usm.md\/wp-content\/uploads\/2021\/09\/Ignacio-150x150.jpg\" alt=\"\" width=\"150\" height=\"150\" srcset=\"https:\/\/75.usm.md\/wp-content\/uploads\/2021\/09\/Ignacio-150x150.jpg 150w, https:\/\/75.usm.md\/wp-content\/uploads\/2021\/09\/Ignacio-60x60.jpg 60w, https:\/\/75.usm.md\/wp-content\/uploads\/2021\/09\/Ignacio.jpg 270w\" sizes=\"(max-width: 150px) 100vw, 150px\" \/><\/td>\n<td width=\"584\"><strong>Ignacio Jimenez Raneda<\/strong><em>, <\/em>rector al Universit\u0103\u0163ii din Alicante, Spania, profesor universitar.<\/p>\n<p>Data acord\u0103rii: 27 septembrie 2011,<\/p>\n<p>la propunerea: Facult\u0103\u021bii de \u015etiin\u0163e Economice.<\/td>\n<\/tr>\n<tr>\n<td width=\"54\"><img loading=\"lazy\" decoding=\"async\" class=\"alignnone size-thumbnail wp-image-472\" src=\"https:\/\/75.usm.md\/wp-content\/uploads\/2021\/09\/31.-Klaus_Bochmann-1-150x150.png\" alt=\"\" width=\"150\" height=\"150\" srcset=\"https:\/\/75.usm.md\/wp-content\/uploads\/2021\/09\/31.-Klaus_Bochmann-1-150x150.png 150w, https:\/\/75.usm.md\/wp-content\/uploads\/2021\/09\/31.-Klaus_Bochmann-1-300x300.png 300w, https:\/\/75.usm.md\/wp-content\/uploads\/2021\/09\/31.-Klaus_Bochmann-1-60x60.png 60w, https:\/\/75.usm.md\/wp-content\/uploads\/2021\/09\/31.-Klaus_Bochmann-1.png 615w\" sizes=\"(max-width: 150px) 100vw, 150px\" \/><\/td>\n<td width=\"584\"><strong>Klaus Bochmann<\/strong>, membru al Academiei din Saxonia, membru de onoare al Institutului de Lingvistic\u0103 Rom\u00e2n\u0103 \u201eAlexandru Philippide\u201d din Ia\u015fi, membru de onoare al Institutului de Lingvistic\u0103 \u201eIorgu Iordan \u2013 Alexandru Rosetii\u201d al Academiei Rom\u00e2ne din Bucure\u015fti, pre\u015fedinte al Moldova Institut Leipzig.<\/p>\n<p>Data acord\u0103rii: 26 februarie 2013,<\/p>\n<p>la propunerea: Facult\u0103\u021bii de Limbi \u015fi Literaturi Str\u0103ine.<\/td>\n<\/tr>\n<tr>\n<td width=\"54\"><img loading=\"lazy\" decoding=\"async\" class=\"alignnone size-thumbnail wp-image-474\" src=\"https:\/\/75.usm.md\/wp-content\/uploads\/2021\/09\/32.jerzy_buzek-1-150x150.jpg\" alt=\"\" width=\"150\" height=\"150\" srcset=\"https:\/\/75.usm.md\/wp-content\/uploads\/2021\/09\/32.jerzy_buzek-1-150x150.jpg 150w, https:\/\/75.usm.md\/wp-content\/uploads\/2021\/09\/32.jerzy_buzek-1-300x300.jpg 300w, https:\/\/75.usm.md\/wp-content\/uploads\/2021\/09\/32.jerzy_buzek-1-60x60.jpg 60w, https:\/\/75.usm.md\/wp-content\/uploads\/2021\/09\/32.jerzy_buzek-1.jpg 412w\" sizes=\"(max-width: 150px) 100vw, 150px\" \/><\/td>\n<td width=\"584\"><strong>Jerzy Buzek<\/strong>, savant, profesor universitar, om politic, deputat \u00een Parlamentul European.<\/p>\n<p>Data acord\u0103rii: 29 octombrie 2013,<\/p>\n<p>la propunerea: Facult\u0103\u021bii de Rela\u021bii Interna\u021bionale, \u0218tiin\u021be Politice \u0219i Administrative.<\/td>\n<\/tr>\n<tr>\n<td width=\"54\"><img loading=\"lazy\" decoding=\"async\" class=\"alignnone size-thumbnail wp-image-109\" src=\"https:\/\/75.usm.md\/wp-content\/uploads\/2021\/09\/33.-Alexandru-TICLEA-150x150.jpg\" alt=\"\" width=\"150\" height=\"150\" \/><\/td>\n<td width=\"584\"><strong>Alexandru \u0162iclea<\/strong>, rector al Universit\u0103\u0163ii Ecologice din Bucure\u015fti, profesor universitar, membru asociat al Academiei Oamenilor de \u015etiin\u0163\u0103 din Rom\u00e2nia, pre\u015fedinte al Asocia\u0163iei Rom\u00e2ne de Dreptul Muncii.<\/p>\n<p>Data acord\u0103rii: 1 octombrie 2013,<\/p>\n<p>la propunerea: Facult\u0103\u021bii de Drept.<\/td>\n<\/tr>\n<tr>\n<td width=\"54\"><img loading=\"lazy\" decoding=\"async\" class=\"alignnone size-thumbnail wp-image-110\" src=\"https:\/\/75.usm.md\/wp-content\/uploads\/2021\/09\/34.-Alexander-A.-BALANDIN-150x150.jpg\" alt=\"\" width=\"150\" height=\"150\" \/><\/td>\n<td width=\"584\"><strong>Alexander A. Balandin<\/strong>, profesor universitar la Universitatea din California-Riverside.<\/p>\n<p>Data acord\u0103rii: 25 februarie 2014,<\/p>\n<p>la propunerea: Facult\u0103\u021bii de Fizic\u0103 \u015fi Inginerie.<\/td>\n<\/tr>\n<tr>\n<td width=\"54\"><img loading=\"lazy\" decoding=\"async\" class=\"alignnone size-thumbnail wp-image-111\" src=\"https:\/\/75.usm.md\/wp-content\/uploads\/2021\/09\/35.-Ioan-Aurel-POP-150x150.jpg\" alt=\"\" width=\"150\" height=\"150\" srcset=\"https:\/\/75.usm.md\/wp-content\/uploads\/2021\/09\/35.-Ioan-Aurel-POP-150x150.jpg 150w, https:\/\/75.usm.md\/wp-content\/uploads\/2021\/09\/35.-Ioan-Aurel-POP-300x300.jpg 300w\" sizes=\"(max-width: 150px) 100vw, 150px\" \/><\/td>\n<td width=\"584\"><strong>Ioan Aurel Pop<\/strong>, membru al Academiei Rom\u00e2ne, rectorul Universit\u0103\u0163ii \u201eBabe\u015f Bolyai\u201d din Cluj-Napoca, Pre\u015fedintele Academiei.<\/p>\n<p>Data acord\u0103rii: 23 decembrie 2014,<\/p>\n<p>la propunerea: Facult\u0103\u021bii de Istorie \u015fi Filosofie.<\/td>\n<\/tr>\n<tr>\n<td width=\"54\"><img loading=\"lazy\" decoding=\"async\" class=\"alignnone size-full wp-image-1605\" src=\"https:\/\/75.usm.md\/wp-content\/uploads\/2024\/02\/Albert-al-II-lea-Print-de-Monaco.png\" alt=\"\" width=\"205\" height=\"198\" srcset=\"https:\/\/75.usm.md\/wp-content\/uploads\/2024\/02\/Albert-al-II-lea-Print-de-Monaco.png 205w, https:\/\/75.usm.md\/wp-content\/uploads\/2024\/02\/Albert-al-II-lea-Print-de-Monaco-62x60.png 62w\" sizes=\"(max-width: 205px) 100vw, 205px\" \/><\/td>\n<td width=\"584\"><strong><b>Prin\u021bul Albert al II-lea de Monaco<\/b><\/strong><\/p>\n<p>Data acord\u0103rii: 3 mai 2017,<\/p>\n<p>la propunerea: Facult\u0103\u021bii de Rela\u021bii Interna\u021bionale, \u0218tiin\u021be Politice \u0219i Administrative.<\/td>\n<\/tr>\n<tr>\n<td width=\"54\"><img loading=\"lazy\" decoding=\"async\" class=\"alignnone size-thumbnail wp-image-113\" src=\"https:\/\/75.usm.md\/wp-content\/uploads\/2021\/09\/36.1.Heribert-HINZEN-150x150.jpg\" alt=\"\" width=\"150\" height=\"150\" \/><\/td>\n<td width=\"584\"><strong>Heribert Hinzen<\/strong>, doctor \u00een filosofie, profesor universitar la Institutul de Colaborare Interna\u0163ional\u0103 \u00een domeniul Educa\u0163iei Adul\u0163ilor, Bon, Germania.<\/p>\n<p>Data acord\u0103rii: 3 aprilie 2018,<\/p>\n<p>la propunerea: Facult\u0103\u021bii de Istorie \u015fi Filosofie.<\/td>\n<\/tr>\n<tr>\n<td width=\"54\"><img loading=\"lazy\" decoding=\"async\" class=\"alignnone size-thumbnail wp-image-114\" src=\"https:\/\/75.usm.md\/wp-content\/uploads\/2021\/09\/37.-Mircea-Dumitru-150x150.jpg\" alt=\"\" width=\"150\" height=\"150\" srcset=\"https:\/\/75.usm.md\/wp-content\/uploads\/2021\/09\/37.-Mircea-Dumitru-150x150.jpg 150w, https:\/\/75.usm.md\/wp-content\/uploads\/2021\/09\/37.-Mircea-Dumitru-300x300.jpg 300w\" sizes=\"(max-width: 150px) 100vw, 150px\" \/><\/td>\n<td width=\"584\"><strong>Mircea Dumitru<\/strong>, profesor universitar, doctor, rector al Universit\u0103\u0163ii din Bucure\u015fti, membru corespondent al Academiei Rom\u00e2ne.<\/p>\n<p>Data acord\u0103rii: 6 noiembrie 2018,<\/p>\n<p>la propunerea: Facult\u0103\u021bii de Istorie \u015fi Filosofie.<\/td>\n<\/tr>\n<tr>\n<td width=\"54\"><img loading=\"lazy\" decoding=\"async\" class=\"alignnone wp-image-116\" src=\"https:\/\/75.usm.md\/wp-content\/uploads\/2021\/09\/38.-Georges-Kleiber.jpg\" alt=\"\" width=\"150\" height=\"150\" srcset=\"https:\/\/75.usm.md\/wp-content\/uploads\/2021\/09\/38.-Georges-Kleiber.jpg 120w, https:\/\/75.usm.md\/wp-content\/uploads\/2021\/09\/38.-Georges-Kleiber-60x60.jpg 60w\" sizes=\"(max-width: 150px) 100vw, 150px\" \/><\/td>\n<td width=\"584\"><strong>Georges Kleiber, <\/strong>Profesor Emerit al Universit\u0103\u0163ii din Strasbourg.<\/p>\n<p>Data acord\u0103rii: 11 ianuarie 2019,<\/p>\n<p>la propunerea: Facult\u0103\u021bii de Limbi \u015fi Literaturi Str\u0103ine.<\/td>\n<\/tr>\n<tr>\n<td width=\"54\"><img loading=\"lazy\" decoding=\"async\" class=\"alignnone size-thumbnail wp-image-115\" src=\"https:\/\/75.usm.md\/wp-content\/uploads\/2021\/09\/39.-Andruh-150x150.jpg\" alt=\"\" width=\"150\" height=\"150\" srcset=\"https:\/\/75.usm.md\/wp-content\/uploads\/2021\/09\/39.-Andruh-150x150.jpg 150w, https:\/\/75.usm.md\/wp-content\/uploads\/2021\/09\/39.-Andruh-630x630.jpg 630w, https:\/\/75.usm.md\/wp-content\/uploads\/2021\/09\/39.-Andruh-300x300.jpg 300w\" sizes=\"(max-width: 150px) 100vw, 150px\" \/><\/td>\n<td width=\"584\"><strong>Marius Andruh<\/strong>, Academician al Academiei Rom\u00e2ne, doctor, profesor universitar.<\/p>\n<p>Data acord\u0103rii: 5 martie 2019,<\/p>\n<p>la propunerea: Facult\u0103\u021bii de Chimie \u015fi Tehnologie Chimic\u0103.<\/td>\n<\/tr>\n<tr>\n<td width=\"54\"><img loading=\"lazy\" decoding=\"async\" class=\"alignnone size-thumbnail wp-image-117\" src=\"https:\/\/75.usm.md\/wp-content\/uploads\/2021\/09\/40.-Bartlomiej-Zdaniuk-150x150.jpg\" alt=\"\" width=\"150\" height=\"150\" srcset=\"https:\/\/75.usm.md\/wp-content\/uploads\/2021\/09\/40.-Bartlomiej-Zdaniuk-150x150.jpg 150w, https:\/\/75.usm.md\/wp-content\/uploads\/2021\/09\/40.-Bartlomiej-Zdaniuk-630x630.jpg 630w, https:\/\/75.usm.md\/wp-content\/uploads\/2021\/09\/40.-Bartlomiej-Zdaniuk-300x300.jpg 300w\" sizes=\"(max-width: 150px) 100vw, 150px\" \/><\/td>\n<td width=\"584\"><strong>E.S. Bartlomiej Zdaniuk,<\/strong> profesor universitar, doctor habilitat, Ambasador Extraordinar \u015fi Plenipoten\u0163iar al Republicii Polone \u00een Republica Moldova.<\/p>\n<p>Data acord\u0103rii: 25 mai 2021,<\/p>\n<p>la propunerea: Facult\u0103\u021bii de Rela\u021bii Interna\u021bionale, \u0218tiin\u021be Politice \u0219i Administrative.<\/td>\n<\/tr>\n<tr>\n<td width=\"54\"><img loading=\"lazy\" decoding=\"async\" class=\"alignnone size-medium wp-image-1590\" src=\"https:\/\/75.usm.md\/wp-content\/uploads\/2024\/02\/Flavius-Antoniu-280x300.png\" alt=\"\" width=\"280\" height=\"300\" srcset=\"https:\/\/75.usm.md\/wp-content\/uploads\/2024\/02\/Flavius-Antoniu-280x300.png 280w, https:\/\/75.usm.md\/wp-content\/uploads\/2024\/02\/Flavius-Antoniu-56x60.png 56w, https:\/\/75.usm.md\/wp-content\/uploads\/2024\/02\/Flavius-Antoniu.png 573w\" sizes=\"(max-width: 280px) 100vw, 280px\" \/><\/td>\n<td width=\"584\"><strong>Flavius Antoniu Baias,<\/strong> profesor universitar, doctor, Universitatea din Bucure\u0219ti.<\/p>\n<p>Data acord\u0103rii: 25 noiembrie 2021,<\/p>\n<p>la propunerea: Facult\u0103\u021bii de Drept<\/td>\n<\/tr>\n<tr>\n<td width=\"54\"><img loading=\"lazy\" decoding=\"async\" class=\"alignnone size-medium wp-image-1592\" src=\"https:\/\/75.usm.md\/wp-content\/uploads\/2024\/02\/Bernard-Cerquiglini-272x300.png\" alt=\"\" width=\"272\" height=\"300\" srcset=\"https:\/\/75.usm.md\/wp-content\/uploads\/2024\/02\/Bernard-Cerquiglini-272x300.png 272w, https:\/\/75.usm.md\/wp-content\/uploads\/2024\/02\/Bernard-Cerquiglini-54x60.png 54w, https:\/\/75.usm.md\/wp-content\/uploads\/2024\/02\/Bernard-Cerquiglini.png 392w\" sizes=\"(max-width: 272px) 100vw, 272px\" \/><\/td>\n<td width=\"584\"><strong>Bernard Cerquiglini,<\/strong> doctor, profesor universitar, Universitatea din Paris, Fran\u021ba.<\/p>\n<p>Data acord\u0103rii: 25 octombrie 2022,<\/p>\n<p>la propunerea: Facult\u0103\u021bii de Litere<\/td>\n<\/tr>\n<tr>\n<td width=\"54\"><img loading=\"lazy\" decoding=\"async\" class=\"alignnone size-medium wp-image-1594\" src=\"https:\/\/75.usm.md\/wp-content\/uploads\/2024\/02\/Valeriu-Soltan-287x300.png\" alt=\"\" width=\"287\" height=\"300\" srcset=\"https:\/\/75.usm.md\/wp-content\/uploads\/2024\/02\/Valeriu-Soltan-287x300.png 287w, https:\/\/75.usm.md\/wp-content\/uploads\/2024\/02\/Valeriu-Soltan-57x60.png 57w, https:\/\/75.usm.md\/wp-content\/uploads\/2024\/02\/Valeriu-Soltan.png 416w\" sizes=\"(max-width: 287px) 100vw, 287px\" \/><\/td>\n<td width=\"584\"><strong>Valeriu Soltan,<\/strong> profesor universitar titular la Universitatea George Mason, SUA<\/p>\n<p>Data acord\u0103rii: 25 octombrie 2022,<\/p>\n<p>la propunerea: Facult\u0103\u021bii de Matematic\u0103 \u015fi Informatic\u0103<\/td>\n<\/tr>\n<tr>\n<td width=\"54\"><img loading=\"lazy\" decoding=\"async\" class=\"alignnone size-medium wp-image-1596\" src=\"https:\/\/75.usm.md\/wp-content\/uploads\/2024\/02\/Adrian-Dupu-276x300.png\" alt=\"\" width=\"276\" height=\"300\" srcset=\"https:\/\/75.usm.md\/wp-content\/uploads\/2024\/02\/Adrian-Dupu-276x300.png 276w, https:\/\/75.usm.md\/wp-content\/uploads\/2024\/02\/Adrian-Dupu-55x60.png 55w, https:\/\/75.usm.md\/wp-content\/uploads\/2024\/02\/Adrian-Dupu.png 502w\" sizes=\"(max-width: 276px) 100vw, 276px\" \/><\/td>\n<td width=\"584\"><strong>Adrian Dupu,<\/strong> \u00a0Secretar de Stat, Departamentul Guvernului Rom\u00e2niei pentru Rela\u021bii cu Republica Moldova.<\/p>\n<p>Data acord\u0103rii: 29 noiembrie 2022,<\/p>\n<p>la propunerea: Facult\u0103\u021bii de Jurnalism \u0219i \u0218tiin\u021be ale Comunic\u0103rii<\/td>\n<\/tr>\n<tr>\n<td width=\"54\"><img loading=\"lazy\" decoding=\"async\" class=\"alignnone size-medium wp-image-1598\" src=\"https:\/\/75.usm.md\/wp-content\/uploads\/2024\/02\/Laurentiu-Soitu-295x300.png\" alt=\"\" width=\"295\" height=\"300\" srcset=\"https:\/\/75.usm.md\/wp-content\/uploads\/2024\/02\/Laurentiu-Soitu-295x300.png 295w, https:\/\/75.usm.md\/wp-content\/uploads\/2024\/02\/Laurentiu-Soitu-59x60.png 59w, https:\/\/75.usm.md\/wp-content\/uploads\/2024\/02\/Laurentiu-Soitu.png 594w\" sizes=\"(max-width: 295px) 100vw, 295px\" \/><\/td>\n<td width=\"584\"><strong>Lauren\u021biu \u0218oitu,<\/strong> doctor \u00een filosofie, doctor \u00een \u0219tiin\u021be ale educa\u021biei, profesor universitar, Universitatea \u201eAlexandru Ioan Cuza\u201d, Ia\u0219i, Rom\u00e2nia.<\/p>\n<p>Data acord\u0103rii: 27 septembrie 2023,<\/p>\n<p>la propunerea: Facult\u0103\u021bii de Psihologie \u0219i \u0218tiin\u021bele Educa\u021biei, Sociologie \u0219i Asisten\u021b\u0103 Social\u0103.<\/td>\n<\/tr>\n<tr>\n<td width=\"54\"><img loading=\"lazy\" decoding=\"async\" class=\"alignnone size-medium wp-image-1600\" src=\"https:\/\/75.usm.md\/wp-content\/uploads\/2024\/02\/Marian-Preda-295x300.png\" alt=\"\" width=\"295\" height=\"300\" srcset=\"https:\/\/75.usm.md\/wp-content\/uploads\/2024\/02\/Marian-Preda-295x300.png 295w, https:\/\/75.usm.md\/wp-content\/uploads\/2024\/02\/Marian-Preda-59x60.png 59w, https:\/\/75.usm.md\/wp-content\/uploads\/2024\/02\/Marian-Preda.png 371w\" sizes=\"(max-width: 295px) 100vw, 295px\" \/><\/td>\n<td width=\"584\"><strong>Marian Preda,<\/strong> doctor \u00een sociologie, profesor universitar, rector al Universit\u0103\u021bii din Bucure\u0219ti.<\/p>\n<p>Data acord\u0103rii: 27 septembrie 2021,<\/p>\n<p>la propunerea: Facult\u0103\u021bii de Psihologie \u0219i \u0218tiin\u021bele Educa\u021biei, Sociologie \u0219i Asisten\u021b\u0103 Social\u0103.<\/td>\n<\/tr>\n<tr>\n<td width=\"54\"><img loading=\"lazy\" decoding=\"async\" class=\"alignnone size-medium wp-image-1602\" src=\"https:\/\/75.usm.md\/wp-content\/uploads\/2024\/02\/Tudorel-Toader-300x288.png\" alt=\"\" width=\"300\" height=\"288\" srcset=\"https:\/\/75.usm.md\/wp-content\/uploads\/2024\/02\/Tudorel-Toader-300x288.png 300w, https:\/\/75.usm.md\/wp-content\/uploads\/2024\/02\/Tudorel-Toader-63x60.png 63w, https:\/\/75.usm.md\/wp-content\/uploads\/2024\/02\/Tudorel-Toader.png 364w\" sizes=\"(max-width: 300px) 100vw, 300px\" \/><\/td>\n<td width=\"584\"><strong>Tudorel Toader,<\/strong> doctor \u00een drept, rectorul Universit\u0103\u021bii \u201eAlexandru Ioan Cuza\u201d, Ia\u0219i, Rom\u00e2nia.<\/p>\n<p>Data acord\u0103rii: 20 februarie 2023,<\/p>\n<p>la propunerea: Facult\u0103\u021bii de Drept.<\/td>\n<\/tr>\n<\/tbody>\n<\/table>\n<p><strong>\u00a0<\/strong><\/p>\n","protected":false},"excerpt":{"rendered":"<p>Universitatea de Stat din Moldova a conferit titlul de Doctor Honoris Causa urm\u0103toarelor personalit\u0103\u021bi marcante ale \u0219tiin\u021bei contemporane: &nbsp; &nbsp; Eugen Co\u0219eriu, profesor universitar la Universitatea din Tribingen, Rom\u00e2nia. Data acord\u0103rii: 14 noiembrie 1993, la propunerea: Facult\u0103\u021bii de Litere. Ion Dru\u0163\u0103, scriitor, Republica Moldova. Data &hellip; <\/p>\n","protected":false},"author":1,"featured_media":0,"parent":0,"menu_order":0,"comment_status":"closed","ping_status":"closed","template":"","meta":{"footnotes":""},"_links":{"self":[{"href":"https:\/\/75.usm.md\/index.php?rest_route=\/wp\/v2\/pages\/71"}],"collection":[{"href":"https:\/\/75.usm.md\/index.php?rest_route=\/wp\/v2\/pages"}],"about":[{"href":"https:\/\/75.usm.md\/index.php?rest_route=\/wp\/v2\/types\/page"}],"author":[{"embeddable":true,"href":"https:\/\/75.usm.md\/index.php?rest_route=\/wp\/v2\/users\/1"}],"replies":[{"embeddable":true,"href":"https:\/\/75.usm.md\/index.php?rest_route=%2Fwp%2Fv2%2Fcomments&post=71"}],"version-history":[{"count":44,"href":"https:\/\/75.usm.md\/index.php?rest_route=\/wp\/v2\/pages\/71\/revisions"}],"predecessor-version":[{"id":1612,"href":"https:\/\/75.usm.md\/index.php?rest_route=\/wp\/v2\/pages\/71\/revisions\/1612"}],"wp:attachment":[{"href":"https:\/\/75.usm.md\/index.php?rest_route=%2Fwp%2Fv2%2Fmedia&parent=71"}],"curies":[{"name":"wp","href":"https:\/\/api.w.org\/{rel}","templated":true}]}}