{"id":223,"date":"2021-09-20T09:35:54","date_gmt":"2021-09-20T06:35:54","guid":{"rendered":"https:\/\/75.usm.md\/?page_id=223"},"modified":"2021-09-20T09:35:54","modified_gmt":"2021-09-20T06:35:54","slug":"daca-vrei-sa-lucrezi-in-comunicare-sa-nu-ti-fie-frica-sa-bati-la-usi-si-mai-ales-in-moldova-nu-arde-poduri-un-interviu-patrunzator-cu-alexandru-lebedev","status":"publish","type":"page","link":"https:\/\/75.usm.md\/?page_id=223","title":{"rendered":"\u201eDac\u0103 vrei s\u0103 lucrezi \u00een comunicare, s\u0103 nu-\u021bi fie fric\u0103 s\u0103 ba\u021bi la u\u0219i, \u0219i mai ales \u00een Moldova, nu arde poduri.\u201d Un interviu p\u0103trunz\u0103tor cu Alexandru Lebedev"},"content":{"rendered":"<p style=\"text-align: justify;\"><strong><img loading=\"lazy\" decoding=\"async\" class=\"size-thumbnail wp-image-220 alignright\" src=\"https:\/\/75.usm.md\/wp-content\/uploads\/2021\/09\/Lebedev_2-300x196-1-150x150.jpg\" alt=\"\" width=\"150\" height=\"150\" \/>Fondatorul site-ului Diez \u0219i absolventul \u201eComunicare\u00a0\u0219i rela\u021bii publice\u201d, FJ\u0218C, USM, ne ofer\u0103 idei pline de motiva\u021bie \u0219i detalii noi din anii s\u0103i de studen\u021bie \u0219i cariera de comunicator. Afl\u0103m de la PR-istul experimentat c\u00e2t de important e s\u0103 \u00eencepi s\u0103 te formezi ca profesionist chiar de pe b\u0103ncile facult\u0103\u021bii \u0219i s\u0103-\u021bi formezi conexiuni utile.<\/strong><\/p>\n<p style=\"text-align: justify;\"><strong>Diana Nicorici: Ce abilit\u0103\u021bi \u0219i valori necesare pentru o carier\u0103 reu\u0219it\u0103 v-a oferit facultatea?<\/strong><\/p>\n<p style=\"text-align: justify;\"><strong>Alexandru Lebedev:<\/strong>\u00a0Cred c\u0103 \u00een domeniul jurnalismului \u0219i comunic\u0103rii, ceea ce este de cea mai mare valoare sunt contactele, iar dac\u0103 \u0219tii s\u0103 le vezi, la facultate ele sunt peste tot: profesori, persoanele de la decanat sau rectorat, colegii, at\u00e2t mai mari, c\u00e2t \u0219i mai mici. \u00cen scurt timp dup\u0103 facultate va trebui s\u0103 lucrezi cu to\u021bi \u0219i e mai u\u0219or de lucrat c\u00e2nd deja ai experien\u021b\u0103 comun\u0103 pozitiv\u0103.<\/p>\n<p style=\"text-align: justify;\"><strong>D.N.:<\/strong>\u00a0<strong>Care au fost cele mai memorabile experien\u021be din anii de studen\u021bie?<\/strong><\/p>\n<p style=\"text-align: justify;\"><strong>A.L.:<\/strong>\u00a0Eu cred c\u0103 un student trebuie s\u0103 protesteze, de asta cu drag \u00eemi aduc aminte cum st\u0103team cu mai mul\u021bi colegi l\u00e2ng\u0103 u\u0219a lui Constantin Marin (decanul facult\u0103\u021bii pe atunci), ca s\u0103 ne pun\u0103 notele. \u0218i deja alte evenimente pe care le mai f\u0103ceam pe holurile facult\u0103\u021bii, iar conducerea nu era foarte mul\u021bumit\u0103.<\/p>\n<p style=\"text-align: justify;\"><strong>D.N.: La ce a\u021bi visat \u00eenc\u0103 de pe b\u0103ncile facult\u0103\u021bii \u0219i reflect\u0103 realitatea acele visuri?<\/strong><\/p>\n<p style=\"text-align: justify;\"><strong>A.L.:<\/strong>\u00a0Pe b\u0103ncile facult\u0103\u021bii, cred c\u0103 uneori diminea\u021ba pe la 8, visam la propriu, nu la figurat. Eu c\u00e2nd am venit la facultate \u0219tiam c\u0103 vreau s\u0103 m\u0103 fac PR\u0219ic, deja cred c\u0103 av\u00e2nd asta \u00een vizor, \u00eentr-un fel, \u00ees PR\u0219ic.<\/p>\n<p style=\"text-align: justify;\"><strong>D.N.: Ce a\u021bi face diferit dac\u0103 v-a\u021bi \u00eentoarce acum la facultate?<\/strong><\/p>\n<p style=\"text-align: justify;\"><strong>A.L.:\u00a0<\/strong>Nu cred c\u0103 a\u0219 face ceva diferit, c\u00e2nd \u00eemi amintesc, parc\u0103 totul a fost a\u0219a cum a trebuit, \u0219i a fost distractiv, nu pot s\u0103 spun c\u0103 au fost cei mai frumo\u0219i ani din via\u021b\u0103, pentru c\u0103 cei mai frumo\u0219i, cred c\u0103-i tr\u0103iesc acum.<\/p>\n<p style=\"text-align: justify;\"><strong>D.N.: Ce rezultat v-a oferit experien\u021ba profesional\u0103 at\u00e2t din jurnalism, c\u00e2t \u0219i din comunicare?<\/strong><\/p>\n<p style=\"text-align: justify;\"><strong>A.L.:<\/strong>\u00a0Eu niciodat\u0103 n-am vrut s\u0103 fiu jurnalist, \u0219i nici nu sunt jurnalist. Consider, \u00eens\u0103, c\u0103 fiind \u00een comunicare, trebuie neap\u0103rat s\u0103 ai sim\u021bul \u0219tirii \u0219i al actualit\u0103\u021bii, s\u0103 \u0219tii b\u00e2rfe, informa\u021bii, #pesurse \u0219i altele. Faptul c\u0103 \u00eenc\u0103 din facultate am scris pe blog \u0219i am lucrat pe social media a fost un avantaj enorm pe pia\u021ba din Republica Moldova.<\/p>\n<p style=\"text-align: justify;\"><strong>D.N.: C\u00e2t de dificil e s\u0103 \u00eencepi un start-up \u00een Moldova \u0219i ce s-a schimbat \u00een aceast\u0103 privin\u021b\u0103 de c\u00e2nd a fost fondat\u00a0<\/strong><em><strong>Diez<\/strong><\/em><strong>?<\/strong><\/p>\n<p style=\"text-align: justify;\"><strong>A.L.:<\/strong>\u00a0Dac\u0103 m-a\u0219 \u00eentoarce \u00eenapoi, \u0219tiind c\u00e2t de greu e, nu m-a\u0219 fi apucat. Dar asta e deja ce a fost, acum conteaz\u0103 ce e \u00een continuare.<\/p>\n<p style=\"text-align: justify;\">Jurnali\u0219tii nu au cea mai mare \u00eencredere de la oameni, pia\u021ba media e mic\u0103 \u0219i trebuie s\u0103 te ba\u021bi pe bugete cu prietenii, criza economic\u0103 parc\u0103 e constant\u0103, s\u0103 nu mai vorbim de COVID, apoi brain drainul, e foarte greu s\u0103 g\u0103se\u0219ti pe cineva responsabil ca s\u0103 angajezi. Iar aceste detalii fac \u00eenceperea unui start-up media acum \u0219i mai anevoios, dar nu imposibil.<\/p>\n<p style=\"text-align: justify;\"><strong>D.N.: Ave\u021bi alte idei de proiecte media pe care a\u021bi dori s\u0103 le dezvolta\u021bi?<\/strong><\/p>\n<p style=\"text-align: justify;\"><strong>A.L.:\u00a0<\/strong>Cred c\u0103 cea mai important\u0103 idee este s\u0103 scot #diez-ul pe alt\u0103 pia\u021b\u0103, \u00een rest toate sunt asimilate la diez.<\/p>\n<p style=\"text-align: justify;\"><strong>D.N.: Ce sfaturi i-a\u021bi oferi unui t\u00e2n\u0103r care dore\u0219te s\u0103 \u00eembine interesele \u0219i pasiunile sale cu comunicarea?<\/strong><\/p>\n<p style=\"text-align: justify;\"><strong>A.L.:<\/strong>\u00a0Dac\u0103 vrei s\u0103 lucrezi \u00een comunicare, \u00eencepe s\u0103-\u021bi faci contacte \u0219i rela\u021bii \u00eenc\u0103 din liceu. S\u0103 nu-\u021bi fie fric\u0103 s\u0103 ba\u021bi la u\u0219i, \u0219i mai ales \u00een Moldova, nu arde poduri.<\/p>\n<p style=\"text-align: justify;\"><strong>D.N.: C\u00e2t de mult conteaz\u0103 activitatea unui comunicator pe social media pentru imaginea sa?<\/strong><\/p>\n<p style=\"text-align: justify;\"><strong>A.L.:\u00a0<\/strong>Dac\u0103 nu e\u0219ti pe social media, nu exi\u0219ti, dar deja \u021bine de tine ca \u0219i comunicator ce fel de imagine \u00ee\u021bi creezi, important e s\u0103 nu fie diferit\u0103 de ceea ce e\u0219ti \u00een realitate. Pentru c\u0103, dac\u0103 pe tine nu te \u0219tie nimeni, cum po\u021bi ajuta la promovarea cuiva?<\/p>\n<p style=\"text-align: justify;\"><strong>D.N.: Ce cursuri, activit\u0103\u021bi \u0219i c\u0103r\u021bi necesare i-a\u021bi recomanda unui student pentru a avea c\u00e2t mai multe \u0219anse de a fi angajat \u00een c\u00e2mpul muncii?<\/strong><\/p>\n<p style=\"text-align: justify;\"><strong>A.L.:\u00a0<\/strong>Pentru comunicare, cele mai importante c\u0103r\u021bi sunt romanele, alege\u021bi-v\u0103 c\u00e2\u021biva autori \u0219i citi\u021bi-i. Pentru c\u0103 un comunicator trebuie s\u0103 fie un izvor de idei, dar ideile interesante nu se ascund \u00een c\u0103r\u021bi de dezvoltare personal\u0103 sau studii de caz ale altor oameni. Literatura de specialitate ve\u021bi avea c\u00e2nd s-o citi\u021bi dup\u0103 facultate.<\/p>\n<p style=\"text-align: justify;\">\u0218i desigur serialul Mad Men, tare bun!<\/p>\n<p style=\"text-align: justify;\"><strong>D.N.: Alexandru Lebedev, v\u0103 mul\u021bumesc pentru amabilitatea cu care a\u021bi binevoit s\u0103 r\u0103spunde\u021bi \u00eentreb\u0103rilor noastre.<\/strong><\/p>\n<p style=\"text-align: justify;\"><em>Interviul a fost realizat de Diana Nicorici, student\u0103 \u00een anul II, specialitatea \u201eComunicare \u0219i rela\u021bii publice\u201d, Facultatea de Jurnalism \u0219i \u0218tiin\u021be ale Comunic\u0103rii, USM.<\/em><\/p>\n","protected":false},"excerpt":{"rendered":"<p>Fondatorul site-ului Diez \u0219i absolventul \u201eComunicare\u00a0\u0219i rela\u021bii publice\u201d, FJ\u0218C, USM, ne ofer\u0103 idei pline de motiva\u021bie \u0219i detalii noi din anii s\u0103i de studen\u021bie \u0219i cariera de comunicator. Afl\u0103m de la PR-istul experimentat c\u00e2t de important e s\u0103 \u00eencepi s\u0103 te formezi ca profesionist chiar &hellip; <\/p>\n","protected":false},"author":1,"featured_media":0,"parent":0,"menu_order":0,"comment_status":"closed","ping_status":"closed","template":"","meta":{"footnotes":""},"_links":{"self":[{"href":"https:\/\/75.usm.md\/index.php?rest_route=\/wp\/v2\/pages\/223"}],"collection":[{"href":"https:\/\/75.usm.md\/index.php?rest_route=\/wp\/v2\/pages"}],"about":[{"href":"https:\/\/75.usm.md\/index.php?rest_route=\/wp\/v2\/types\/page"}],"author":[{"embeddable":true,"href":"https:\/\/75.usm.md\/index.php?rest_route=\/wp\/v2\/users\/1"}],"replies":[{"embeddable":true,"href":"https:\/\/75.usm.md\/index.php?rest_route=%2Fwp%2Fv2%2Fcomments&post=223"}],"version-history":[{"count":1,"href":"https:\/\/75.usm.md\/index.php?rest_route=\/wp\/v2\/pages\/223\/revisions"}],"predecessor-version":[{"id":224,"href":"https:\/\/75.usm.md\/index.php?rest_route=\/wp\/v2\/pages\/223\/revisions\/224"}],"wp:attachment":[{"href":"https:\/\/75.usm.md\/index.php?rest_route=%2Fwp%2Fv2%2Fmedia&parent=223"}],"curies":[{"name":"wp","href":"https:\/\/api.w.org\/{rel}","templated":true}]}}