{"id":185,"date":"2021-09-16T16:06:10","date_gmt":"2021-09-16T13:06:10","guid":{"rendered":"https:\/\/75.usm.md\/?page_id=185"},"modified":"2021-11-10T17:56:40","modified_gmt":"2021-11-10T14:56:40","slug":"absolventi-de-succes","status":"publish","type":"page","link":"https:\/\/75.usm.md\/?page_id=185","title":{"rendered":"Absolven\u021bi de succes"},"content":{"rendered":"<table>\n<tbody>\n<tr>\n<td style=\"text-align: justify;\" width=\"123\"><img loading=\"lazy\" decoding=\"async\" class=\"alignnone size-thumbnail wp-image-191\" src=\"https:\/\/75.usm.md\/wp-content\/uploads\/2021\/09\/Dragalin-150x150.jpg\" alt=\"\" width=\"150\" height=\"150\" srcset=\"https:\/\/75.usm.md\/wp-content\/uploads\/2021\/09\/Dragalin-150x150.jpg 150w, https:\/\/75.usm.md\/wp-content\/uploads\/2021\/09\/Dragalin-300x300.jpg 300w\" sizes=\"(max-width: 150px) 100vw, 150px\" \/><\/td>\n<td width=\"575\">\n<p style=\"text-align: justify;\"><a href=\"https:\/\/75.usm.md\/?page_id=198\"><strong>Interviu cu absolventul FMI, Vlad Dr\u0103g\u0103lin, vicepre\u0219edinte al Janssen, Pharmaceutical Companies of Johnson and Johnson, SUA.<\/strong><\/a><\/p>\n<p style=\"text-align: justify;\">Cu ocazia anivers\u0103rii a 75-a a Universit\u0103\u021bii de Stat din Moldova, absolventul Facult\u0103\u021bii de Matematic\u0103 \u0219i Informatic\u0103 Vlad DR\u0102G\u0102LIN.<\/p>\n<\/td>\n<\/tr>\n<tr>\n<td width=\"123\"><img loading=\"lazy\" decoding=\"async\" class=\"size-thumbnail wp-image-202\" src=\"https:\/\/75.usm.md\/wp-content\/uploads\/2021\/09\/Popa-150x150.jpg\" alt=\"\" width=\"150\" height=\"150\" srcset=\"https:\/\/75.usm.md\/wp-content\/uploads\/2021\/09\/Popa-150x150.jpg 150w, https:\/\/75.usm.md\/wp-content\/uploads\/2021\/09\/Popa-300x300.jpg 300w\" sizes=\"(max-width: 150px) 100vw, 150px\" \/><\/td>\n<td width=\"575\">\n<p style=\"text-align: justify;\"><a href=\"https:\/\/75.usm.md\/?page_id=205\"><strong>Interviu cu absolventul FMI \u2013 Mihail POPA, profesor universitar, doctor habilitat \u00een \u015ftiin\u0163e fizico-matematic\u0103.<\/strong><\/a><\/p>\n<p style=\"text-align: justify;\">Cu ocazia\u00a0anivers\u0103rii a 75-a a Universit\u0103\u021bii de Stat din Moldova, absolventul Facult\u0103\u021bii de Matematic\u0103 \u0219i Informatic\u0103 \u2013 Mihail POPA.<\/p>\n<\/td>\n<\/tr>\n<tr>\n<td style=\"text-align: justify;\" width=\"123\"><img loading=\"lazy\" decoding=\"async\" class=\"alignnone size-thumbnail wp-image-211\" src=\"https:\/\/75.usm.md\/wp-content\/uploads\/2021\/09\/grau-150x150.jpg\" alt=\"\" width=\"150\" height=\"150\" srcset=\"https:\/\/75.usm.md\/wp-content\/uploads\/2021\/09\/grau-150x150.jpg 150w, https:\/\/75.usm.md\/wp-content\/uploads\/2021\/09\/grau.jpg 300w, https:\/\/75.usm.md\/wp-content\/uploads\/2021\/09\/grau-60x60.jpg 60w\" sizes=\"(max-width: 150px) 100vw, 150px\" \/><\/td>\n<td width=\"575\">\n<p style=\"text-align: justify;\"><a href=\"https:\/\/75.usm.md\/?page_id=213\"><strong>Interviu cu Ludmila Gur\u0103u: \u201ePentru a avea succes \u00een comunicare, e suficient s\u0103 fii \u00eendr\u0103gostit de ea\u201d.<\/strong><\/a><\/p>\n<p style=\"text-align: justify;\">Cu ocazia anivers\u0103rii a 75-a a Universit\u0103\u021bii de Stat din Moldova, absolventa Facult\u0103\u021bii de Jurnalism \u0219i \u0218tiin\u021be ale Comunic\u0103rii, Ludmila Gur\u0103u<\/p>\n<\/td>\n<\/tr>\n<tr>\n<td width=\"123\"><img loading=\"lazy\" decoding=\"async\" class=\"alignnone size-thumbnail wp-image-216\" src=\"https:\/\/75.usm.md\/wp-content\/uploads\/2021\/09\/Andrei-150x150.png\" alt=\"\" width=\"150\" height=\"150\" srcset=\"https:\/\/75.usm.md\/wp-content\/uploads\/2021\/09\/Andrei-150x150.png 150w, https:\/\/75.usm.md\/wp-content\/uploads\/2021\/09\/Andrei-630x630.png 630w, https:\/\/75.usm.md\/wp-content\/uploads\/2021\/09\/Andrei-300x300.png 300w\" sizes=\"(max-width: 150px) 100vw, 150px\" \/><\/td>\n<td width=\"575\">\n<p style=\"text-align: justify;\"><a href=\"https:\/\/75.usm.md\/?page_id=217\"><strong>Interviu cu Stelu\u021ba Andrei, absolventa Facult\u0103\u021bii de Jurnalism \u0219i \u0218tiin\u021be ale Comunic\u0103rii a USM<\/strong><\/a><\/p>\n<p style=\"text-align: justify;\">De la fiecare persoan\u0103 putem \u00eenv\u0103\u021ba ceva nou, util \u0219i trecut prin propria experien\u021b\u0103. Astfel, \u00eemi propun s\u0103 aprofund\u0103m lumea comunic\u0103rii, domeniul de activitate al doamnei Stelu\u021ba Andrei, pentru a-i cunoa\u0219te istoria de succes.<\/p>\n<\/td>\n<\/tr>\n<tr>\n<td width=\"123\"><img loading=\"lazy\" decoding=\"async\" class=\"alignnone size-thumbnail wp-image-220\" src=\"https:\/\/75.usm.md\/wp-content\/uploads\/2021\/09\/Lebedev_2-300x196-1-150x150.jpg\" alt=\"\" width=\"150\" height=\"150\" \/><\/td>\n<td width=\"575\">\n<p style=\"text-align: justify;\"><a href=\"https:\/\/75.usm.md\/?page_id=223\"><strong>\u201eDac\u0103 vrei s\u0103 lucrezi \u00een comunicare, s\u0103 nu-\u021bi fie fric\u0103 s\u0103 ba\u021bi la u\u0219i.\u201d Un interviu p\u0103trunz\u0103tor cu Alexandru Lebedev.<\/strong><\/a><\/p>\n<p style=\"text-align: justify;\">Fondatorul site-ului Diez \u0219i absolventul \u201eComunicare \u0219i rela\u021bii publice\u201d, FJ\u0218C, USM, ne ofer\u0103 idei pline de motiva\u021bie \u0219i detalii noi din anii s\u0103i de studen\u021bie \u0219i cariera de comunicator.<\/p>\n<\/td>\n<\/tr>\n<tr>\n<td style=\"text-align: justify;\" width=\"123\"><img loading=\"lazy\" decoding=\"async\" class=\"alignnone size-thumbnail wp-image-226\" src=\"https:\/\/75.usm.md\/wp-content\/uploads\/2021\/09\/cialenco-150x150.jpg\" alt=\"\" width=\"150\" height=\"150\" \/><\/td>\n<td width=\"575\">\n<p style=\"text-align: justify;\"><a href=\"https:\/\/75.usm.md\/?page_id=227\"><strong>Interviu cu absolventul FMI Igor CIALENCO, Profesor, Directorul Departamentului de Matematic\u0103 Aplicat\u0103, Illinois Institute of Technology.<\/strong><\/a><\/p>\n<p style=\"text-align: justify;\">Cu ocazia anivers\u0103rii a 75-a a Universit\u0103\u021bii de Stat din Moldova, absolventul Facult\u0103\u021bii de Matematic\u0103 \u0219i Informatic\u0103 Igor CIALENCO.<\/p>\n<\/td>\n<\/tr>\n<tr>\n<td style=\"text-align: justify;\" width=\"123\"><img loading=\"lazy\" decoding=\"async\" class=\"alignnone size-thumbnail wp-image-231\" src=\"https:\/\/75.usm.md\/wp-content\/uploads\/2021\/09\/foto-Gutu-Ana-300x169-1-150x150.jpg\" alt=\"\" width=\"150\" height=\"150\" \/><\/td>\n<td width=\"575\">\n<p style=\"text-align: justify;\"><a href=\"https:\/\/75.usm.md\/?page_id=233\"><strong>Interviu cu doamna Ana Gu\u021bu, profesor universitar \u0219i om politic, absolvent\u0103 a USM.<\/strong><\/a><\/p>\n<p style=\"text-align: justify;\">Cu ocazia anivers\u0103rii a 75-a a Universit\u0103\u021bii de Stat din Moldova, absolventa Facult\u0103\u021bii de Limbi \u0219i Literaturi Str\u0103ine, doamna Ana GU\u021aU.<\/p>\n<\/td>\n<\/tr>\n<tr>\n<td width=\"123\"><img loading=\"lazy\" decoding=\"async\" class=\"alignnone size-thumbnail wp-image-236\" src=\"https:\/\/75.usm.md\/wp-content\/uploads\/2021\/09\/Alhazov_1-300x222-1-150x150.jpg\" alt=\"\" width=\"150\" height=\"150\" \/><\/td>\n<td width=\"575\">\n<p style=\"text-align: justify;\"><a href=\"https:\/\/75.usm.md\/?page_id=238\"><strong>\u201e\u0421\u0442\u0440\u043e\u0438\u0442\u044c \u043a\u0430\u0447\u0435\u0441\u0442\u0432\u0435\u043d\u043d\u043e\u0435 \u043d\u043e\u0432\u043e\u0435 \u043d\u0435 \u0437\u0430 \u0441\u0447\u0435\u0442 \u0440\u0430\u0437\u0440\u0443\u0448\u0435\u043d\u0438\u044f \u0446\u0435\u043d\u043d\u043e\u0433\u043e \u0441\u0442\u0430\u0440\u043e\u0433\u043e!\u201d \u0418\u043d\u0442\u0435\u0440\u0432\u044c\u044e \u0441 \u041d\u0430\u0442\u0430\u043b\u044c\u0435\u0439 \u0410\u043b\u044a\u0445\u0430\u0437\u043e\u0432\u043e\u0439, \u0432\u044b\u043f\u0443\u0441\u043a\u043d\u0438\u0446\u0435\u0439 \u041c\u043e\u043b\u0434\u0430\u0432\u0441\u043a\u043e\u0433\u043e \u0413\u043e\u0441\u0443\u0434\u0430\u0440\u0441\u0442\u0432\u0435\u043d\u043d\u043e\u0433\u043e \u0423\u043d\u0438\u0432\u0435\u0440\u0441\u0438\u0442\u0435\u0442\u0430.<\/strong><\/a><\/p>\n<p style=\"text-align: justify;\">\u041d\u0430 \u0432\u0441\u0442\u0443\u043f\u0438\u0442\u0435\u043b\u044c\u043d\u044b\u0445 \u044d\u043a\u0437\u0430\u043c\u0435\u043d\u0430\u0445 \u0432\u0441\u0435 \u0434\u0440\u0443\u0436\u043d\u043e \u0433\u043e\u0432\u043e\u0440\u0438\u043b\u0438: \u00ab\u041c\u043e\u044f \u0446\u0435\u043b\u044c \u2013 \u0432\u044b\u0443\u0447\u0438\u0442\u044c \u0430\u043d\u0433\u043b\u0438\u0439\u0441\u043a\u0438\u0439, \u0447\u0442\u043e\u0431\u044b \u0447\u0438\u0442\u0430\u0442\u044c \u0428\u0435\u043a\u0441\u043f\u0438\u0440\u0430 \u0432 \u043e\u0440\u0438\u0433\u0438\u043d\u0430\u043b\u0435\u00bb.<\/p>\n<\/td>\n<\/tr>\n<tr>\n<td width=\"123\"><img loading=\"lazy\" decoding=\"async\" class=\"alignnone size-thumbnail wp-image-242\" src=\"https:\/\/75.usm.md\/wp-content\/uploads\/2021\/09\/IMG_0935-200x300-1-150x150.jpg\" alt=\"\" width=\"150\" height=\"150\" \/><\/td>\n<td width=\"575\">\n<p style=\"text-align: justify;\"><a href=\"https:\/\/75.usm.md\/?page_id=244\"><strong>\u201e\u0423\u043d\u0438\u0432\u0435\u0440\u0441\u0438\u0442\u0435\u0442 \u0434\u043e\u043b\u0436\u0435\u043d \u0440\u0430\u0437\u0432\u0438\u0432\u0430\u0442\u044c\u0441\u044f \u0438 \u043d\u0435 \u0437\u0430\u0432\u0442\u0440\u0430, \u0430 \u0441\u0435\u0433\u043e\u0434\u043d\u044f \u043e\u0442\u0432\u0435\u0447\u0430\u0442\u044c \u0432\u0441\u0435\u043c \u0441\u043e\u0432\u0440\u0435\u043c\u0435\u043d\u043d\u044b\u043c \u0442\u0440\u0435\u0431\u043e\u0432\u0430\u043d\u0438\u044f\u043c\u201d. \u0418\u043d\u0442\u0435\u0440\u0432\u044c\u044e \u0441 \u0412\u0438\u043a\u0442\u043e\u0440\u043e\u043c \u041a\u0443\u0448\u043d\u0438\u0440\u0435\u043d\u043a\u043e.<\/strong><\/a><\/p>\n<p style=\"text-align: justify;\">\u0412. \u0424. \u041a\u0443\u0448\u043d\u0438\u0440\u0435\u043d\u043a\u043e \u2013 \u0430\u0432\u0442\u043e\u0440 \u0444\u0443\u043d\u0434\u0430\u043c\u0435\u043d\u0442\u0430\u043b\u044c\u043d\u044b\u0445 \u0438\u0441\u0441\u043b\u0435\u0434\u043e\u0432\u0430\u043d\u0438\u0439 \u0436\u0438\u0437\u043d\u0438 \u0438 \u0442\u0432\u043e\u0440\u0447\u0435\u0441\u0442\u0432\u0430 \u0410. \u0421. \u041f\u0443\u0448\u043a\u0438\u043d\u0430 \u0432 \u0411\u0435\u0441\u0441\u0430\u0440\u0430\u0431\u0438\u0438, \u043f\u0440\u0435\u0434\u0441\u0435\u0434\u0430\u0442\u0435\u043b\u044c \u041f\u0443\u0448\u043a\u0438\u043d\u0441\u043a\u043e\u0433\u043e \u043e\u0431\u0449\u0435\u0441\u0442\u0432\u0430 \u041c\u043e\u043b\u0434\u043e\u0432\u044b, \u0447\u043b\u0435\u043d \u0421\u043e\u044e\u0437\u0430 \u0436\u0443\u0440\u043d\u0430\u043b\u0438\u0441\u0442\u043e\u0432 \u041c\u043e\u043b\u0434\u043e\u0432\u044b.<\/p>\n<\/td>\n<\/tr>\n<tr>\n<td width=\"123\"><img loading=\"lazy\" decoding=\"async\" class=\"alignnone size-thumbnail wp-image-248\" src=\"https:\/\/75.usm.md\/wp-content\/uploads\/2021\/09\/Sterbet-1-150x150.png\" alt=\"\" width=\"150\" height=\"150\" \/><\/td>\n<td width=\"575\">\n<p style=\"text-align: justify;\"><a href=\"https:\/\/75.usm.md\/?page_id=250\"><strong>Interviu cu doamna Valeria \u0218terbe\u021b, doctor \u00een drept, ex-ministru al justi\u021biei, distins\u0103 cu medalia \u201eMeritul Civic\u201d, ordinul \u201eGloria Muncii\u201d \u0219i Ordinul Republicii.<\/strong><\/a><\/p>\n<p style=\"text-align: justify;\">Fiind unul din discipolii USM (anii de studii 1967-1972), pot spune c\u0103 mi-am realizat visul de a studia la o universitate, prestigiul c\u0103reia era cunoscut \u0219i \u00een perioada sovietic\u0103.<\/p>\n<\/td>\n<\/tr>\n<tr>\n<td width=\"123\"><img loading=\"lazy\" decoding=\"async\" class=\"alignnone size-thumbnail wp-image-253\" src=\"https:\/\/75.usm.md\/wp-content\/uploads\/2021\/09\/12998384_1052437858167819_414462542365964260_o-150x150.jpg\" alt=\"\" width=\"150\" height=\"150\" srcset=\"https:\/\/75.usm.md\/wp-content\/uploads\/2021\/09\/12998384_1052437858167819_414462542365964260_o-150x150.jpg 150w, https:\/\/75.usm.md\/wp-content\/uploads\/2021\/09\/12998384_1052437858167819_414462542365964260_o-630x630.jpg 630w, https:\/\/75.usm.md\/wp-content\/uploads\/2021\/09\/12998384_1052437858167819_414462542365964260_o-300x300.jpg 300w\" sizes=\"(max-width: 150px) 100vw, 150px\" \/><\/td>\n<td width=\"575\">\n<div><a href=\"https:\/\/75.usm.md\/?page_id=255\"><strong>Interviu cu Nicolae Cojocaru, director general al White Reindeer Group, absolvent al USM.<\/strong><\/a><\/div>\n<div><\/div>\n<div>O carier\u0103 \u00eenceput\u0103 la ASUSM\u00a0\u0219i continuat\u0103 cu succes \u00een Marea Britanie.<\/div>\n<div><\/div>\n<\/td>\n<\/tr>\n<tr>\n<td style=\"text-align: justify;\" width=\"123\"><img loading=\"lazy\" decoding=\"async\" class=\"alignnone size-thumbnail wp-image-270\" src=\"https:\/\/75.usm.md\/wp-content\/uploads\/2021\/09\/IMG_4743-150x150.jpg\" alt=\"\" width=\"150\" height=\"150\" srcset=\"https:\/\/75.usm.md\/wp-content\/uploads\/2021\/09\/IMG_4743-150x150.jpg 150w, https:\/\/75.usm.md\/wp-content\/uploads\/2021\/09\/IMG_4743-630x630.jpg 630w, https:\/\/75.usm.md\/wp-content\/uploads\/2021\/09\/IMG_4743-300x300.jpg 300w\" sizes=\"(max-width: 150px) 100vw, 150px\" \/><\/td>\n<td width=\"575\">\n<p style=\"text-align: justify;\"><a href=\"https:\/\/75.usm.md\/?page_id=269\"><strong>Interviu cu doamna Elena Aram\u0103, doctor habilitat \u00een drept, profesor universitar, absolvent\u0103 a USM.<\/strong><\/a><\/p>\n<p>\u201eDomeniul socialului, \u00een particular al juridicului, este foarte preten\u021bios privitor la calit\u0103\u021bile morale ale celui ce profeseaz\u0103 \u00een acest domeniu\u201d.<\/td>\n<\/tr>\n<tr>\n<td style=\"text-align: justify;\" width=\"123\"><img loading=\"lazy\" decoding=\"async\" class=\"alignnone size-thumbnail wp-image-287\" src=\"https:\/\/75.usm.md\/wp-content\/uploads\/2021\/09\/doamna-1-150x150.png\" alt=\"\" width=\"150\" height=\"150\" srcset=\"https:\/\/75.usm.md\/wp-content\/uploads\/2021\/09\/doamna-1-150x150.png 150w, https:\/\/75.usm.md\/wp-content\/uploads\/2021\/09\/doamna-1-300x300.png 300w, https:\/\/75.usm.md\/wp-content\/uploads\/2021\/09\/doamna-1-60x60.png 60w, https:\/\/75.usm.md\/wp-content\/uploads\/2021\/09\/doamna-1.png 420w\" sizes=\"(max-width: 150px) 100vw, 150px\" \/><\/td>\n<td width=\"575\">\n<p style=\"text-align: justify;\"><a href=\"https:\/\/75.usm.md\/?page_id=282\"><strong>Interviu cu doamna Natalia Zlatina, Director al Asocia\u021biei Contabililor \u0219i Auditorilor RM (ACAP RM), doctor \u00een economie, absolvent\u0103 a USM.<\/strong><\/a><\/p>\n<p style=\"text-align: justify;\">\u201eUSM este un competitor remarcabil \u00een evolu\u021bia \u00eenv\u0103\u021b\u0103m\u00e2ntului superior, al cercet\u0103rii \u0219tiin\u021bifice, al educa\u021biei tinerei genera\u021bii \u0219i al vie\u021bii culturale \u00een ansamblu\u201d.<\/p>\n<\/td>\n<\/tr>\n<tr>\n<td style=\"text-align: justify;\" width=\"123\"><img loading=\"lazy\" decoding=\"async\" class=\"alignnone size-thumbnail wp-image-283\" src=\"https:\/\/75.usm.md\/wp-content\/uploads\/2021\/09\/postovan-e1490006961692-150x150.jpg\" alt=\"\" width=\"150\" height=\"150\" srcset=\"https:\/\/75.usm.md\/wp-content\/uploads\/2021\/09\/postovan-e1490006961692-150x150.jpg 150w, https:\/\/75.usm.md\/wp-content\/uploads\/2021\/09\/postovan-e1490006961692-300x300.jpg 300w\" sizes=\"(max-width: 150px) 100vw, 150px\" \/><\/td>\n<td width=\"575\">\n<p style=\"text-align: justify;\"><a href=\"https:\/\/75.usm.md\/?page_id=289\"><strong>Interviu cu domnul Dumitru Postovan, doctor \u00een drept, conferen\u021biar universitar, veteran al organelor procuraturii. <\/strong><\/a><\/p>\n<p style=\"text-align: justify;\">Decorat cu \u201eOrdinul Republicii\u201d, \u201eOrdinul Gloria Muncii\u201d, \u201eOrdinul de Onoare\u201d, medalia \u201eMeritul Civic\u201d, de\u021bin\u0103tor al titlului onorific \u201eOm Emerit\u201d, \u201eLucr\u0103tor de Onoare al Procuraturii\u201d, Crucea \u201ePentru Merit\u201d clasa I.<\/p>\n<\/td>\n<\/tr>\n<tr>\n<td style=\"text-align: justify;\" width=\"123\"><img loading=\"lazy\" decoding=\"async\" class=\"alignnone size-thumbnail wp-image-295\" src=\"https:\/\/75.usm.md\/wp-content\/uploads\/2021\/09\/Lucia-Veste-1-150x150.jpg\" alt=\"\" width=\"150\" height=\"150\" srcset=\"https:\/\/75.usm.md\/wp-content\/uploads\/2021\/09\/Lucia-Veste-1-150x150.jpg 150w, https:\/\/75.usm.md\/wp-content\/uploads\/2021\/09\/Lucia-Veste-1-630x630.jpg 630w, https:\/\/75.usm.md\/wp-content\/uploads\/2021\/09\/Lucia-Veste-1-300x300.jpg 300w\" sizes=\"(max-width: 150px) 100vw, 150px\" \/><\/td>\n<td width=\"575\">\n<p style=\"text-align: justify;\"><a href=\"https:\/\/75.usm.md\/?page_id=294\"><strong>Interviu cu Lucia Veste, doctor \u00een filologie, premiant\u0103 a<\/strong> <strong>concursului \u201eTeza mea \u00een 180 de secunde\u201d.<\/strong><\/a><\/p>\n<p style=\"text-align: justify;\">\u201e\u0218tiin\u021ba este o valoare atemporal\u0103 \u0219i nimic nu se compar\u0103 cu pl\u0103cerea unei cercet\u0103ri\u201d.<\/p>\n<\/td>\n<\/tr>\n<tr>\n<td style=\"text-align: justify;\" width=\"123\"><img loading=\"lazy\" decoding=\"async\" class=\"alignnone size-thumbnail wp-image-299\" src=\"https:\/\/75.usm.md\/wp-content\/uploads\/2021\/09\/Sergiu-Palihovici-150x150.jpg\" alt=\"\" width=\"150\" height=\"150\" srcset=\"https:\/\/75.usm.md\/wp-content\/uploads\/2021\/09\/Sergiu-Palihovici-150x150.jpg 150w, https:\/\/75.usm.md\/wp-content\/uploads\/2021\/09\/Sergiu-Palihovici-300x300.jpg 300w, https:\/\/75.usm.md\/wp-content\/uploads\/2021\/09\/Sergiu-Palihovici-630x630.jpg 630w, https:\/\/75.usm.md\/wp-content\/uploads\/2021\/09\/Sergiu-Palihovici-60x60.jpg 60w, https:\/\/75.usm.md\/wp-content\/uploads\/2021\/09\/Sergiu-Palihovici.jpg 720w\" sizes=\"(max-width: 150px) 100vw, 150px\" \/><\/td>\n<td width=\"575\">\n<p style=\"text-align: justify;\"><a href=\"https:\/\/75.usm.md\/?page_id=298\"><strong>Interviu cu Sergiu Palihovici, ex-secretar general al Guvernului, doctor \u00een \u0219tiin\u021be politice, absolvent al USM.<\/strong><\/a><\/p>\n<p style=\"text-align: justify;\">\u201eUniversitatea de Stat din Moldova deschide \u00een fa\u021ba unui t\u00e2n\u0103r absolvent o multitudine de perspective\u201d.<\/p>\n<\/td>\n<\/tr>\n<tr>\n<td style=\"text-align: justify;\" width=\"123\"><img loading=\"lazy\" decoding=\"async\" class=\"alignnone size-thumbnail wp-image-304\" src=\"https:\/\/75.usm.md\/wp-content\/uploads\/2021\/09\/B0A2042-150x150.jpg\" alt=\"\" width=\"150\" height=\"150\" srcset=\"https:\/\/75.usm.md\/wp-content\/uploads\/2021\/09\/B0A2042-150x150.jpg 150w, https:\/\/75.usm.md\/wp-content\/uploads\/2021\/09\/B0A2042-630x630.jpg 630w, https:\/\/75.usm.md\/wp-content\/uploads\/2021\/09\/B0A2042-300x300.jpg 300w\" sizes=\"(max-width: 150px) 100vw, 150px\" \/><\/td>\n<td width=\"575\">\n<p style=\"text-align: justify;\"><a href=\"https:\/\/75.usm.md\/?page_id=302\"><strong>Interviu cu Decanul Facult\u0103\u021bii de Drept a Universit\u0103\u021bii de Stat din Moldova, domnul Serghei Br\u00eenza, doctor habilitat \u00een drept, profesor universitar. <\/strong><\/a><\/p>\n<p style=\"text-align: justify;\">Decorat cu Ordinul \u201eGloria Muncii\u201d \u0219i Medalia \u201eMeritul Civic, absolvent al Facult\u0103\u021bii de Drept a USM.<\/p>\n<\/td>\n<\/tr>\n<tr>\n<td style=\"text-align: justify;\" width=\"123\"><img loading=\"lazy\" decoding=\"async\" class=\"alignnone size-thumbnail wp-image-308\" src=\"https:\/\/75.usm.md\/wp-content\/uploads\/2021\/09\/Arseni-1-150x150.png\" alt=\"\" width=\"150\" height=\"150\" srcset=\"https:\/\/75.usm.md\/wp-content\/uploads\/2021\/09\/Arseni-1-150x150.png 150w, https:\/\/75.usm.md\/wp-content\/uploads\/2021\/09\/Arseni-1-300x300.png 300w\" sizes=\"(max-width: 150px) 100vw, 150px\" \/><\/td>\n<td width=\"575\">\n<p style=\"text-align: justify;\"><a href=\"https:\/\/75.usm.md\/?page_id=307\"><strong>Interviu cu domnul Alexandru Arseni, profesor universitar, doctor habilitat \u00een drept, deputat \u00een primul parlament al Republicii Moldova, absolvent al USM.<\/strong><\/a><\/p>\n<p style=\"text-align: justify;\">Alexandru Arseni: absolvent cu men\u021biune al Facult\u0103\u0163ii Drept a Universit\u0103\u0163ii de Stat din Moldova, promo\u021bia 1982, doctor habilitat \u00een drept, profesor universitar, deputat \u00een primul Parlament al Republicii Moldova.<\/p>\n<\/td>\n<\/tr>\n<tr>\n<td style=\"text-align: justify;\" width=\"123\"><img loading=\"lazy\" decoding=\"async\" class=\"alignnone size-thumbnail wp-image-316\" src=\"https:\/\/75.usm.md\/wp-content\/uploads\/2021\/09\/65113136_10214706123229801_106102300849733632_n-1-150x150.jpg\" alt=\"\" width=\"150\" height=\"150\" srcset=\"https:\/\/75.usm.md\/wp-content\/uploads\/2021\/09\/65113136_10214706123229801_106102300849733632_n-1-150x150.jpg 150w, https:\/\/75.usm.md\/wp-content\/uploads\/2021\/09\/65113136_10214706123229801_106102300849733632_n-1-300x300.jpg 300w, https:\/\/75.usm.md\/wp-content\/uploads\/2021\/09\/65113136_10214706123229801_106102300849733632_n-1-1024x1024.jpg 1024w, https:\/\/75.usm.md\/wp-content\/uploads\/2021\/09\/65113136_10214706123229801_106102300849733632_n-1-768x768.jpg 768w, https:\/\/75.usm.md\/wp-content\/uploads\/2021\/09\/65113136_10214706123229801_106102300849733632_n-1-630x630.jpg 630w, https:\/\/75.usm.md\/wp-content\/uploads\/2021\/09\/65113136_10214706123229801_106102300849733632_n-1-60x60.jpg 60w, https:\/\/75.usm.md\/wp-content\/uploads\/2021\/09\/65113136_10214706123229801_106102300849733632_n-1.jpg 1365w\" sizes=\"(max-width: 150px) 100vw, 150px\" \/><\/td>\n<td width=\"575\">\n<p style=\"text-align: justify;\"><a href=\"https:\/\/75.usm.md\/?page_id=312\"><strong>\u201eNu voi rupe nicio foaie din cartea vie\u021bii mele. Paginile pe care le-am \u00eentors sunt lec\u021bii \u00eenv\u0103\u021bate\u201d, aceasta este deviza Pretorului sectorului Buiucani, Vadim Br\u00eenzaniuc. <\/strong><\/a><\/p>\n<p style=\"text-align: justify;\">Cel din urm\u0103 \u0219i-a f\u0103cut studiile la Facultatea de Jurnalism \u0219i \u0218tiin\u021be ale Comunic\u0103rii \u0219i la Facultatea de Drept din cadrul USM.<\/p>\n<\/td>\n<\/tr>\n<tr>\n<td style=\"text-align: justify;\" width=\"123\"><img loading=\"lazy\" decoding=\"async\" class=\"alignnone size-thumbnail wp-image-319\" src=\"https:\/\/75.usm.md\/wp-content\/uploads\/2021\/09\/os-150x150.jpg\" alt=\"\" width=\"150\" height=\"150\" srcset=\"https:\/\/75.usm.md\/wp-content\/uploads\/2021\/09\/os-150x150.jpg 150w, https:\/\/75.usm.md\/wp-content\/uploads\/2021\/09\/os-630x630.jpg 630w, https:\/\/75.usm.md\/wp-content\/uploads\/2021\/09\/os-300x300.jpg 300w\" sizes=\"(max-width: 150px) 100vw, 150px\" \/><\/td>\n<td width=\"575\">\n<p style=\"text-align: justify;\"><a href=\"https:\/\/75.usm.md\/?page_id=318\"><strong>Interviu cu Domnul Nicolae Osmochescu, doctor \u00een drept, profesor universitar, absolvent al USM.<\/strong><\/a><\/p>\n<p style=\"text-align: justify;\">\u201eUSM \u0219i-a g\u0103sit locul \u0219i rolul \u00een sistemul educa\u021bional \u0219i de cercetare al Republicii Moldova, precum \u0219i \u00een spa\u021biul european, ocup\u00e2nd o pozi\u021bie de frunte\u201d.<\/p>\n<\/td>\n<\/tr>\n<tr>\n<td style=\"text-align: justify;\" width=\"123\"><img loading=\"lazy\" decoding=\"async\" class=\"alignnone size-thumbnail wp-image-325\" src=\"https:\/\/75.usm.md\/wp-content\/uploads\/2021\/09\/cheianu-1-150x150.jpg\" alt=\"\" width=\"150\" height=\"150\" srcset=\"https:\/\/75.usm.md\/wp-content\/uploads\/2021\/09\/cheianu-1-150x150.jpg 150w, https:\/\/75.usm.md\/wp-content\/uploads\/2021\/09\/cheianu-1-300x300.jpg 300w\" sizes=\"(max-width: 150px) 100vw, 150px\" \/><\/td>\n<td width=\"575\">\n<p style=\"text-align: justify;\"><a href=\"https:\/\/75.usm.md\/?page_id=322\"><strong>Interviu cu Constantin Cheianu, <\/strong><strong>scriitor, dramaturg, publicist, om de televiziune, intelectual angajat civic, absolvent al Facult\u0103\u021bii de Litere, USM.<\/strong><\/a><\/p>\n<p style=\"text-align: justify;\">\u201eFilologia este un fel de regin\u0103 a \u0219tiin\u021belor umaniste, filologul este omul cu o cultur\u0103 vast\u0103 \u00een mai multe domenii\u201d.<\/p>\n<\/td>\n<\/tr>\n<tr>\n<td style=\"text-align: justify;\" width=\"123\"><img loading=\"lazy\" decoding=\"async\" class=\"alignnone size-thumbnail wp-image-328\" src=\"https:\/\/75.usm.md\/wp-content\/uploads\/2021\/09\/pavlicenco-150x150.jpg\" alt=\"\" width=\"150\" height=\"150\" srcset=\"https:\/\/75.usm.md\/wp-content\/uploads\/2021\/09\/pavlicenco-150x150.jpg 150w, https:\/\/75.usm.md\/wp-content\/uploads\/2021\/09\/pavlicenco-630x630.jpg 630w, https:\/\/75.usm.md\/wp-content\/uploads\/2021\/09\/pavlicenco-300x300.jpg 300w\" sizes=\"(max-width: 150px) 100vw, 150px\" \/><\/td>\n<td width=\"575\">\n<p style=\"text-align: justify;\"><a href=\"https:\/\/75.usm.md\/?page_id=327\"><strong>Interviu cu Sergiu Pavlicenco, profesor, savant, absolvent al USM.<\/strong><\/a><\/p>\n<p style=\"text-align: justify;\">\u201eUniversitatea formeaz\u0103 nu numai competen\u021be, ea continu\u0103 s\u0103 ofere \u0219i cuno\u0219tin\u021be. \u0218i fiecare t\u00e2n\u0103r trebuie s\u0103 aspire la aceast\u0103 \u00eembinare a pl\u0103cutului cu utilul\u201d.<\/p>\n<\/td>\n<\/tr>\n<tr>\n<td style=\"text-align: justify;\" width=\"123\"><img loading=\"lazy\" decoding=\"async\" class=\"alignnone size-thumbnail wp-image-335\" src=\"https:\/\/75.usm.md\/wp-content\/uploads\/2021\/09\/Platon-Carolina-1-150x150.jpg\" alt=\"\" width=\"150\" height=\"150\" srcset=\"https:\/\/75.usm.md\/wp-content\/uploads\/2021\/09\/Platon-Carolina-1-150x150.jpg 150w, https:\/\/75.usm.md\/wp-content\/uploads\/2021\/09\/Platon-Carolina-1-630x630.jpg 630w, https:\/\/75.usm.md\/wp-content\/uploads\/2021\/09\/Platon-Carolina-1-300x300.jpg 300w\" sizes=\"(max-width: 150px) 100vw, 150px\" \/><\/td>\n<td width=\"575\">\n<p style=\"text-align: justify;\"><a href=\"https:\/\/75.usm.md\/?page_id=332\"><strong>Interviu cu doamna Carolina Platon, doctor habilitat \u00een pedagogie, profesor universitar, absolvent\u0103 a USM.<\/strong><\/a><\/p>\n<p style=\"text-align: justify;\">&#8222;\u00cen cadrul studiilor la USM am avut o performan\u0163\u0103 foarte bun\u0103 \u015fi drept rezultat am avut mai multe oportunit\u0103\u0163i de angajare, dar am optat pentu profesia de cadru didactic.&#8221;<\/p>\n<\/td>\n<\/tr>\n<tr>\n<td style=\"text-align: justify;\" width=\"123\"><img loading=\"lazy\" decoding=\"async\" class=\"alignnone size-thumbnail wp-image-338\" src=\"https:\/\/75.usm.md\/wp-content\/uploads\/2021\/09\/Bulgaru-Maria-150x150.jpg\" alt=\"\" width=\"150\" height=\"150\" srcset=\"https:\/\/75.usm.md\/wp-content\/uploads\/2021\/09\/Bulgaru-Maria-150x150.jpg 150w, https:\/\/75.usm.md\/wp-content\/uploads\/2021\/09\/Bulgaru-Maria-630x630.jpg 630w, https:\/\/75.usm.md\/wp-content\/uploads\/2021\/09\/Bulgaru-Maria-300x300.jpg 300w\" sizes=\"(max-width: 150px) 100vw, 150px\" \/><\/td>\n<td width=\"575\">\n<p style=\"text-align: justify;\"><a href=\"https:\/\/75.usm.md\/?page_id=337\"><strong>Interviu cu <\/strong><strong>Maria BULGARU, doctor habilitat, profesor universitar, absolvent\u0103 a USM.<\/strong><\/a><\/p>\n<p style=\"text-align: justify;\">\u201eCuno\u015ftin\u0163ele \u015fi competen\u0163ele ob\u0163inute \u00een cadrul USM permit absolven\u0163ilor s\u0103 se integreze cu succes \u00een toate domeniile vie\u0163ii sociale at\u00e2t din \u0163ar\u0103, c\u00e2t \u015fi de peste hotarele ei.\u201d<\/p>\n<\/td>\n<\/tr>\n<tr>\n<td style=\"text-align: justify;\" width=\"123\"><img loading=\"lazy\" decoding=\"async\" class=\"alignnone size-thumbnail wp-image-342\" src=\"https:\/\/75.usm.md\/wp-content\/uploads\/2021\/09\/Gutu-Vladimir-150x150.jpg\" alt=\"\" width=\"150\" height=\"150\" srcset=\"https:\/\/75.usm.md\/wp-content\/uploads\/2021\/09\/Gutu-Vladimir-150x150.jpg 150w, https:\/\/75.usm.md\/wp-content\/uploads\/2021\/09\/Gutu-Vladimir-630x630.jpg 630w, https:\/\/75.usm.md\/wp-content\/uploads\/2021\/09\/Gutu-Vladimir-300x300.jpg 300w\" sizes=\"(max-width: 150px) 100vw, 150px\" \/><\/td>\n<td width=\"575\">\n<p style=\"text-align: justify;\"><a href=\"https:\/\/75.usm.md\/?page_id=341\"><strong>Interviu cu domnul Vladimir GU<\/strong><strong>\u021aU, doctor habilitat \u00een pedagogie, profesor universitar, decan al Facult\u0103\u021bii de Psihologie \u0219i \u0218tiin\u021be ale Educa\u021biei, Sociologie \u0219i Asisten\u021b\u0103 Social\u0103, absolvent al USM.<\/strong><\/a><\/p>\n<p style=\"text-align: justify;\">&#8222;Excelen\u021ba academic\u0103 a unui student \u00een toate timpurile se aprecia \u00eenalt. \u00cen anii \u02bc70- \u02bc80 ai secolului al XX-lea dac\u0103 cineva dintre absolven\u021bi era acceptat s\u0103 r\u0103m\u00e2n\u0103 la catedr\u0103 se socotea v\u00e2rful carierei.&#8221;<\/p>\n<\/td>\n<\/tr>\n<tr>\n<td style=\"text-align: justify;\" width=\"123\"><img loading=\"lazy\" decoding=\"async\" class=\"alignnone size-thumbnail wp-image-346\" src=\"https:\/\/75.usm.md\/wp-content\/uploads\/2021\/09\/romanenko-150x150.jpg\" alt=\"\" width=\"150\" height=\"150\" srcset=\"https:\/\/75.usm.md\/wp-content\/uploads\/2021\/09\/romanenko-150x150.jpg 150w, https:\/\/75.usm.md\/wp-content\/uploads\/2021\/09\/romanenko-300x300.jpg 300w\" sizes=\"(max-width: 150px) 100vw, 150px\" \/><\/td>\n<td width=\"575\">\n<p style=\"text-align: justify;\"><a href=\"https:\/\/75.usm.md\/?page_id=345\"><strong>Interviu cu <\/strong><strong>Doina Romanenko, director al cabinetului pre\u0219edintelui Institutului Francez de Rela\u021bii Interna\u021bionale, doctor \u00een filologie, absolvent\u0103 a USM.<\/strong><\/a><\/p>\n<p style=\"text-align: justify;\">\u201eCuno\u0219tin\u021bele ne elibereaz\u0103 de dogme \u0219i ideologii. Ele sunt o condi\u021bie a libert\u0103\u021bii \u0219i emancip\u0103rii; ele ne permit s\u0103 m\u0103sur\u0103m \u0219i s\u0103 ne depasim propriile noastre limite\u201d.<\/p>\n<\/td>\n<\/tr>\n<tr>\n<td style=\"text-align: justify;\" width=\"123\"><img loading=\"lazy\" decoding=\"async\" class=\"alignnone size-thumbnail wp-image-352\" src=\"https:\/\/75.usm.md\/wp-content\/uploads\/2021\/09\/foto-laura-3-150x150.jpg\" alt=\"\" width=\"150\" height=\"150\" srcset=\"https:\/\/75.usm.md\/wp-content\/uploads\/2021\/09\/foto-laura-3-150x150.jpg 150w, https:\/\/75.usm.md\/wp-content\/uploads\/2021\/09\/foto-laura-3-300x300.jpg 300w\" sizes=\"(max-width: 150px) 100vw, 150px\" \/><\/td>\n<td width=\"575\">\n<p style=\"text-align: justify;\"><a href=\"https:\/\/75.usm.md\/?page_id=350\"><strong>Interviu cu Laura Bohan\u021bova, coordonatoare comunicare, PNUD Moldova, absolvent\u0103 a USM.<\/strong><\/a><\/p>\n<p style=\"text-align: justify;\">&#8222;Din primul an de facultate, eram foarte prins\u0103 \u0219i implicat\u0103: \u00eenv\u0103\u021bam, eram voluntar\u0103, lucram part-time. Cum s\u0103 nu fie locul meu, dac\u0103 f\u0103ceam asta deja? \u00cen anul trei, c\u00e2nd \u00eenc\u0103 mai aveam jum\u0103tate de an p\u00e2n\u0103 s\u0103 absolv, am reu\u0219it s\u0103 m\u0103 angajez ca specialist\u0103 \u00een comunicare la un proiect de dezvoltare comunitar\u0103, la o organiza\u021bie interna\u021bional\u0103&#8221;<\/p>\n<\/td>\n<\/tr>\n<tr>\n<td style=\"text-align: justify;\" width=\"123\"><img loading=\"lazy\" decoding=\"async\" class=\"alignnone size-thumbnail wp-image-357\" src=\"https:\/\/75.usm.md\/wp-content\/uploads\/2021\/09\/budai-150x150.jpg\" alt=\"\" width=\"150\" height=\"150\" srcset=\"https:\/\/75.usm.md\/wp-content\/uploads\/2021\/09\/budai-150x150.jpg 150w, https:\/\/75.usm.md\/wp-content\/uploads\/2021\/09\/budai-300x300.jpg 300w, https:\/\/75.usm.md\/wp-content\/uploads\/2021\/09\/budai-1024x1020.jpg 1024w, https:\/\/75.usm.md\/wp-content\/uploads\/2021\/09\/budai-768x765.jpg 768w, https:\/\/75.usm.md\/wp-content\/uploads\/2021\/09\/budai-630x630.jpg 630w, https:\/\/75.usm.md\/wp-content\/uploads\/2021\/09\/budai-60x60.jpg 60w, https:\/\/75.usm.md\/wp-content\/uploads\/2021\/09\/budai.jpg 1285w\" sizes=\"(max-width: 150px) 100vw, 150px\" \/><\/td>\n<td width=\"575\">\n<p style=\"text-align: justify;\"><a href=\"https:\/\/75.usm.md\/?page_id=356\"><strong>Interviu cu doamna Nelea Bud\u0103i, vicepre\u0219edinta Cur\u021bii de Apel Chi\u0219in\u0103u, absolvent\u0103 a USM.<\/strong><\/a><\/p>\n<p style=\"text-align: justify;\">&#8222;Dincolo de oportunit\u0103\u021bi au fost ambi\u021biile pe care le-am avut, deoarece aveam ferma convingere de pe b\u0103ncile \u0219colii c\u0103 voi ajunge s\u0103 profesez pe t\u0103r\u00e2mul zei\u021bei Themis. Astfel, cu pa\u0219i mici, dar siguri, la \u00eenceput am activat ca grefier, o experien\u021b\u0103 valoroas\u0103 p\u00e2n\u0103 la func\u021bia de judec\u0103tor.&#8221;<\/p>\n<\/td>\n<\/tr>\n<tr>\n<td style=\"text-align: justify;\" width=\"123\"><a href=\"https:\/\/75.usm.md\/wp-content\/uploads\/2021\/11\/jud.jpg\"><img loading=\"lazy\" decoding=\"async\" class=\"alignnone size-thumbnail wp-image-1548\" src=\"https:\/\/75.usm.md\/wp-content\/uploads\/2021\/11\/jud-150x150.jpg\" alt=\"\" width=\"150\" height=\"150\" srcset=\"https:\/\/75.usm.md\/wp-content\/uploads\/2021\/11\/jud-150x150.jpg 150w, https:\/\/75.usm.md\/wp-content\/uploads\/2021\/11\/jud-630x630.jpg 630w, https:\/\/75.usm.md\/wp-content\/uploads\/2021\/11\/jud-300x300.jpg 300w\" sizes=\"(max-width: 150px) 100vw, 150px\" \/><\/a><\/td>\n<td width=\"575\">\n<p class=\"page-title\" style=\"text-align: justify;\"><a href=\"https:\/\/75.usm.md\/?page_id=1547\"><strong>Interviu cu doamna Maria Ghervas, absolvent\u0103 a USM, actualmente judec\u0103toare la Curtea Suprem\u0103 de Justi\u021bie a Republicii Moldova.<\/strong><\/a><\/p>\n<p style=\"text-align: justify;\">75 de ani este o v\u00e2rst\u0103 onorabil\u0103. Mul\u021bi dintre cei care au absolvit Universitatea de Stat din Moldova nici nu au tr\u0103it at\u00e2\u021bia ani pe p\u0103m\u00e2nt. Universitatea a ajuns la aceast\u0103 v\u00e2rst\u0103 datorit\u0103 rezisten\u021bei sale la schimb\u0103rile sociale, fenomenele care au tulburat societatea moldoveneasc\u0103.<\/p>\n<\/td>\n<\/tr>\n<tr>\n<td style=\"text-align: justify;\" width=\"123\"><\/td>\n<td width=\"575\">\n<p style=\"text-align: justify;\">\n<\/td>\n<\/tr>\n<\/tbody>\n<\/table>\n<p>&nbsp;<\/p>\n","protected":false},"excerpt":{"rendered":"<p>Interviu cu absolventul FMI, Vlad Dr\u0103g\u0103lin, vicepre\u0219edinte al Janssen, Pharmaceutical Companies of Johnson and Johnson, SUA. Cu ocazia anivers\u0103rii a 75-a a Universit\u0103\u021bii de Stat din Moldova, absolventul Facult\u0103\u021bii de Matematic\u0103 \u0219i Informatic\u0103 Vlad DR\u0102G\u0102LIN. Interviu cu absolventul FMI \u2013 Mihail POPA, profesor universitar, doctor &hellip; <\/p>\n","protected":false},"author":1,"featured_media":0,"parent":0,"menu_order":0,"comment_status":"closed","ping_status":"closed","template":"","meta":{"footnotes":""},"_links":{"self":[{"href":"https:\/\/75.usm.md\/index.php?rest_route=\/wp\/v2\/pages\/185"}],"collection":[{"href":"https:\/\/75.usm.md\/index.php?rest_route=\/wp\/v2\/pages"}],"about":[{"href":"https:\/\/75.usm.md\/index.php?rest_route=\/wp\/v2\/types\/page"}],"author":[{"embeddable":true,"href":"https:\/\/75.usm.md\/index.php?rest_route=\/wp\/v2\/users\/1"}],"replies":[{"embeddable":true,"href":"https:\/\/75.usm.md\/index.php?rest_route=%2Fwp%2Fv2%2Fcomments&post=185"}],"version-history":[{"count":61,"href":"https:\/\/75.usm.md\/index.php?rest_route=\/wp\/v2\/pages\/185\/revisions"}],"predecessor-version":[{"id":1551,"href":"https:\/\/75.usm.md\/index.php?rest_route=\/wp\/v2\/pages\/185\/revisions\/1551"}],"wp:attachment":[{"href":"https:\/\/75.usm.md\/index.php?rest_route=%2Fwp%2Fv2%2Fmedia&parent=185"}],"curies":[{"name":"wp","href":"https:\/\/api.w.org\/{rel}","templated":true}]}}