{"id":174,"date":"2021-09-10T13:34:10","date_gmt":"2021-09-10T10:34:10","guid":{"rendered":"https:\/\/75.usm.md\/?page_id=174"},"modified":"2021-09-24T12:22:57","modified_gmt":"2021-09-24T09:22:57","slug":"igor-sarov","status":"publish","type":"page","link":"https:\/\/75.usm.md\/?page_id=174","title":{"rendered":"Igor \u0218arov"},"content":{"rendered":"<p style=\"text-align: justify;\"><strong><img loading=\"lazy\" decoding=\"async\" class=\"size-medium wp-image-175 alignright\" src=\"https:\/\/75.usm.md\/wp-content\/uploads\/2021\/09\/sarov1-229x300.jpg\" alt=\"\" width=\"229\" height=\"300\" srcset=\"https:\/\/75.usm.md\/wp-content\/uploads\/2021\/09\/sarov1-229x300.jpg 229w, https:\/\/75.usm.md\/wp-content\/uploads\/2021\/09\/sarov1-46x60.jpg 46w, https:\/\/75.usm.md\/wp-content\/uploads\/2021\/09\/sarov1.jpg 582w\" sizes=\"(max-width: 229px) 100vw, 229px\" \/>Igor \u0218arov (n. 1967), rector \u00een perioada decembrie 2020 \u2013 prezent<\/strong>.<\/p>\n<p style=\"text-align: justify;\">Dup\u0103 absolvirea cu medalie de aur a \u0219colii nr. 1 din or. C\u0103u\u0219eni, \u00ee\u0219i continu\u0103 studiile la Facultatea de Istorie a Universit\u0103\u021bii de Stat din Moldova (1984-1991). Studiile la doctorat (1992-1995) le finalizeaz\u0103 cu sus\u021binerea tezei de doctor cu tema <em>Basarabia \u00een istoriografia rus\u0103<\/em>. Igor \u0218arov \u00ee\u0219i \u00eencepe activitatea didactic\u0103 la Facultatea de Istorie a Universit\u0103\u021bii de Stat din Moldova, unde parcurge cu succes toate treptele ierarhice de la lector (1992-1995) p\u00e2n\u0103 la conferen\u021biar universitar la catedra de Istorie universal\u0103 (1997-2009). Totodat\u0103, ob\u021bine \u0219i o bogat\u0103 experien\u021b\u0103 administrativ\u0103: \u00een perioada 1995-2000 a fost prodecan al Facult\u0103\u021bii de Istorie \u0219i Filosofie a USM, iar \u00een 2009-2013 \u2013 decan al aceleia\u0219i facult\u0103\u021bi. Din 2013 p\u00e2n\u0103 \u00een 2017 a fost viceministru al Culturii, ulterior a fost numit secretar general de stat \u00een cadrul Ministerului Educa\u021biei, Culturii \u0219i Cercet\u0103rii (2017-2019). La 16 martie 2020, Igor \u0218arov a fost \u00eenvestit \u00een func\u021bia de ministru al Educa\u021biei, Culturii \u0219i Cercet\u0103rii \u00een Guvernul Ghicu, post \u00een care s-a aflat p\u00e2n\u0103 la 9 noiembrie 2020. Venirea \u00een func\u021bia de ministru a dlui Igor \u0218arov a coincis cu declan\u0219area pandemiei provocat\u0103 de virusul SARS-CoV-19, ceea ce a solicitat realizarea unor ac\u021biuni ferme a MECC pentru asigurarea desf\u0103\u0219ur\u0103rii procesului educa\u021bional din \u021bar\u0103, la toate nivelurile.<\/p>\n<p style=\"text-align: justify;\">La 16 decembrie 2020 Igor \u0218arov a fost ales rector al USM, fiind confirmat \u00een func\u021bie la 17 martie 2021. \u00cen calitate de rector al USM, Igor \u0218arov a trasat noi direc\u021bii strategice de dezvoltare a USM, \u00een vederea extinderii colabor\u0103rii cu alte institu\u021bii de \u00eenv\u0103\u021b\u0103m\u00e2nt superior din \u021bar\u0103 \u0219i de peste hotare \u0219i asigur\u0103rii unui \u00eenv\u0103\u021b\u0103m\u00e2nt de calitate care s\u0103 corespund\u0103 standardelor europene. La 100 de zile dup\u0103 \u00eenceperea mandatului de rector al USM, Igor \u0218arov a men\u021bionat \u00eentr-un interviu c\u0103 universitatea nu poate s\u0103 r\u0103m\u00e2n\u0103 doar un centru de instruire, ci trebuie s\u0103 devin\u0103 un spa\u021biu stimulativ pentru idei \u0219i proiecte ce vizeaz\u0103 via\u021ba \u00eentregii societ\u0103\u021bi. Mandatul de rector dureaz\u0103 5 ani.<\/p>\n<p style=\"text-align: justify;\"><strong>\u00a0<\/strong><\/p>\n","protected":false},"excerpt":{"rendered":"<p>Igor \u0218arov (n. 1967), rector \u00een perioada decembrie 2020 \u2013 prezent. Dup\u0103 absolvirea cu medalie de aur a \u0219colii nr. 1 din or. C\u0103u\u0219eni, \u00ee\u0219i continu\u0103 studiile la Facultatea de Istorie a Universit\u0103\u021bii de Stat din Moldova (1984-1991). Studiile la doctorat (1992-1995) le finalizeaz\u0103 cu &hellip; <\/p>\n","protected":false},"author":1,"featured_media":0,"parent":0,"menu_order":0,"comment_status":"closed","ping_status":"closed","template":"","meta":{"footnotes":""},"_links":{"self":[{"href":"https:\/\/75.usm.md\/index.php?rest_route=\/wp\/v2\/pages\/174"}],"collection":[{"href":"https:\/\/75.usm.md\/index.php?rest_route=\/wp\/v2\/pages"}],"about":[{"href":"https:\/\/75.usm.md\/index.php?rest_route=\/wp\/v2\/types\/page"}],"author":[{"embeddable":true,"href":"https:\/\/75.usm.md\/index.php?rest_route=\/wp\/v2\/users\/1"}],"replies":[{"embeddable":true,"href":"https:\/\/75.usm.md\/index.php?rest_route=%2Fwp%2Fv2%2Fcomments&post=174"}],"version-history":[{"count":7,"href":"https:\/\/75.usm.md\/index.php?rest_route=\/wp\/v2\/pages\/174\/revisions"}],"predecessor-version":[{"id":687,"href":"https:\/\/75.usm.md\/index.php?rest_route=\/wp\/v2\/pages\/174\/revisions\/687"}],"wp:attachment":[{"href":"https:\/\/75.usm.md\/index.php?rest_route=%2Fwp%2Fv2%2Fmedia&parent=174"}],"curies":[{"name":"wp","href":"https:\/\/api.w.org\/{rel}","templated":true}]}}